{"id":96,"date":"2021-05-21T19:37:00","date_gmt":"2021-05-21T19:37:00","guid":{"rendered":"http:\/\/liceulpredeal.ro\/new\/?page_id=96"},"modified":"2026-04-02T11:15:53","modified_gmt":"2026-04-02T11:15:53","slug":"noutati","status":"publish","type":"page","link":"https:\/\/liceulpredeal.ro\/new\/noutati\/","title":{"rendered":"Noutati"},"content":{"rendered":"<div class=\"vce-row-container\" data-vce-boxed-width=\"true\"><div class=\"vce-row vce-row--col-gap-30 vce-row-equal-height vce-row-content--top\" id=\"el-87835941\" data-vce-do-apply=\"all el-87835941\"><div class=\"vce-row-content\" data-vce-element-content=\"true\"><div class=\"vce-col vce-col--md-auto vce-col--xs-1 vce-col--xs-last vce-col--xs-first vce-col--sm-last vce-col--sm-first vce-col--md-last vce-col--lg-last vce-col--xl-last vce-col--md-first vce-col--lg-first vce-col--xl-first\" id=\"el-2f420505\"><div class=\"vce-col-inner\" data-vce-do-apply=\"border margin background  el-2f420505\"><div class=\"vce-col-content\" data-vce-element-content=\"true\" data-vce-do-apply=\"padding el-2f420505\"><div class=\"vce-single-image-container vce-single-image--align-center\"><div class=\"vce vce-single-image-wrapper\" id=\"el-96a783d8\" data-vce-do-apply=\"all el-96a783d8\"><figure><div class=\"vce-single-image-figure-inner\" style=\"width: 199px;\"><a href=\"http:\/\/liceulpredeal.ro\/new\/\" title=\"\" class=\"vce-single-image-inner vce-single-image--absolute vce-single-image--border-round\" style=\"width: 100%; padding-bottom: 100%;\"><img loading=\"lazy\" decoding=\"async\" class=\"vce-single-image\"  width=\"199\" height=\"199\" srcset=\"https:\/\/liceulpredeal.ro\/new\/wp-content\/uploads\/2026\/04\/index1-320x320.jpg 320w, https:\/\/liceulpredeal.ro\/new\/wp-content\/uploads\/2026\/04\/index1-480x480.jpg 480w, https:\/\/liceulpredeal.ro\/new\/wp-content\/uploads\/2026\/04\/index1-800x800.jpg 800w, https:\/\/liceulpredeal.ro\/new\/wp-content\/uploads\/2026\/04\/index1-199x199.jpg 199w, https:\/\/liceulpredeal.ro\/new\/wp-content\/uploads\/2026\/04\/index1-398x398.jpg 2x\" src=\"https:\/\/liceulpredeal.ro\/new\/wp-content\/uploads\/2026\/04\/index1-199x199.jpg\" data-img-src=\"https:\/\/liceulpredeal.ro\/new\/wp-content\/uploads\/2021\/05\/index1.jpg\" data-attachment-id=\"19\"  alt=\"poza vedere panoramica liceu\" title=\"index1\" \/><\/a><\/div><figcaption hidden=\"\"><\/figcaption><\/figure><\/div><\/div><div class=\"vce-text-block\"><div class=\"vce-text-block-wrapper vce\" id=\"el-cc3c8846\" data-vce-do-apply=\"all el-cc3c8846\"><h5 style=\"text-align: center;\"><span style=\"font-size: 24pt;\">Liceul Teoretic \"Mihail Saulescu\" Predeal<\/span><\/h5><\/div><\/div><div class=\"vce vce-separator-container vce-separator--align-center vce-separator--style-solid\" id=\"el-0e59e33a\" data-vce-do-apply=\"margin el-0e59e33a\"><div class=\"vce-separator vce-separator--color-bfc0c1 vce-separator--width-60 vce-separator--thickness-1\" data-vce-do-apply=\"border padding background  el-0e59e33a\"><\/div><\/div><div class=\"vce-text-block\"><div class=\"vce-text-block-wrapper vce\" id=\"el-c9eaaa6b\" data-vce-do-apply=\"all el-c9eaaa6b\"><p>&nbsp;<\/p><h1>Nout\u0103\u021bi - Rela\u021bii cu publicul<\/h1><h3>&nbsp;<\/h3><h3><a href=\"https:\/\/drive.google.com\/file\/d\/19FuZqkL06H6Zm9Tj1JPCY9VPByUFqAsW\/view?usp=sharing\">Anunt Scoala altfel si Saptamana verde<\/a><\/h3><h3><a href=\"https:\/\/drive.google.com\/file\/d\/1gaBFaF7oJOD5_6mIPSVW1Gnjk1QuGd_b\/view?usp=sharing\">Structura anului \u0219colar 2026-2027<\/a><\/h3><h3><span style=\"font-size: 24pt; font-family: -apple-system, BlinkMacSystemFont, 'Segoe UI', Roboto, Oxygen, Ubuntu, Cantarell, 'Fira Sans', 'Droid Sans', 'Helvetica Neue', sans-serif; font-weight: bold;\">INSCRIEREA IN INVATAMANTUL PRIMAR (2026-2027)<\/span><\/h3><ul><li style=\"list-style-type: none;\"><ul><li><a href=\"https:\/\/drive.google.com\/file\/d\/1SPz-0ErNXLym7UZe0w05UmdJ2Xyo8MXQ\/view?usp=sharing\"><strong>OMEC 3334_2026_ CALENDARUL INSCRIERII COPIILOR IN INVATAMANTUL PRIMAR<\/strong><\/a><\/li><li><a href=\"https:\/\/drive.google.com\/file\/d\/1LEbvxoY6Tn8NQyyLpoL6betdr937Cyzg\/view?usp=sharing\">Metodologia de inscriere a copiilor in inv. primar<\/a><\/li><li><a href=\"https:\/\/drive.google.com\/file\/d\/1BdippP3pbpTGENqxr3ktdXQlucgjhpZb\/view?usp=sharing\">Procedura privind inscrierea la clasa pregatitoare<\/a><\/li><li><a href=\"https:\/\/www.isjbrasov.ro\/index.php\/inscrieri\/inscriere-inv-primar\/legislatie\/7083-anunt-amanarea-inscrierii-in-invatamantul-primar-2026-2027\">Inscrierea \/ amanarea inscrierii in inv. primar<\/a><\/li><li><p><strong>Completare date online:<\/strong><\/p><p>Formularul online permite p\u0103rin\u021bilor s\u0103 completeze online datele necesare pentru \u00eenscrierea copiilor \u00een \u00eenv\u0103\u021b\u0103m\u00e2ntul primar, \u00een clasa preg\u0103titoare, conform <a href=\"https:\/\/inscriere.edu.ro\/materiale\/OM_4019_2024.pdf\" target=\"_blank\" rel=\"noopener\">metodologiei de \u00eenscriere<\/a>.<\/p><p>Conform&nbsp;<a href=\"https:\/\/inscriere.edu.ro\/materiale\/ORDIN_nr_3334_2026.pdf\" target=\"_blank\" rel=\"noopener\">Calendarului de \u00eenscriere a copiilor \u00een \u00eenv\u0103\u021b\u0103m\u00e2ntul primar pentru anul \u0219colar 2026-2027<\/a>&nbsp;formularul de \u00eenscriere este disponibil \u00een perioada 31.03.2026-06.05.2026 pentru \u00eenscrierile aferente etapei I, respectiv 25.05.2026-29.05.2026 pentru \u00eenscrierile aferente etapei a II-a.<\/p><p>Formularul online poate fi accesat <a href=\"https:\/\/inscriere.edu.ro\"><strong>aici<\/strong><\/a>.<\/p><\/li><\/ul><\/li><\/ul><h3><span style=\"font-size: 24pt;\">Declaratii interese cadre didactice<\/span><\/h3><ul><li style=\"list-style-type: none;\"><ul><li><a href=\"https:\/\/drive.google.com\/file\/d\/1ebd5TjGImtHxwNXOwIem04P_qNUegQcS\/view?usp=sharing\">2025 - 2026<\/a><\/li><\/ul><\/li><\/ul><h3><span style=\"font-size: 24pt;\">Anunt concurs de ocupare a 1 post didactic - profesor schi alpin 2025<\/span><\/h3><ul style=\"font-family: NonBreakingSpaceOverride, 'Hoefler Text', Garamond, 'Times New Roman', serif; font-size: 22px; font-weight: 400; letter-spacing: normal;\"><li style=\"list-style-type: none;\"><ul style=\"font-family: NonBreakingSpaceOverride, 'Hoefler Text', Garamond, 'Times New Roman', serif; font-size: 22px; font-weight: 400; letter-spacing: normal;\"><li><a href=\"https:\/\/drive.google.com\/file\/d\/11qHVwyT9kJRCqWZJEast1XHUK0LomBi_\/view?usp=sharing\">Anuntul concursului de ocupare a postului de profesor schi alpin<\/a><\/li><li><a href=\"https:\/\/drive.google.com\/file\/d\/1PhgYRTYfxPqGaInC00Hro0tDxOmenEy8\/view?usp=sharing\">Cerere testare<\/a><\/li><\/ul><\/li><\/ul><h3><span style=\"font-size: 24pt;\">Deschidere an scolar 2025-2026<\/span><\/h3><ul><li style=\"list-style-type: none;\"><ul><li><a href=\"https:\/\/drive.google.com\/file\/d\/18cfvd_BInEigkYabRowmtA6QPHtNc8JC\/view?usp=sharing\">Anunt<\/a><\/li><\/ul><\/li><\/ul><h3><span style=\"font-size: 24pt;\">Corigente<\/span><\/h3><ul><li style=\"list-style-type: none;\"><ul><li><a href=\"https:\/\/drive.google.com\/file\/d\/1YFKU5_GqYA5oYZAQ2VputfqNyzvXxt-O\/view?usp=sharing\">Calendar<\/a><\/li><\/ul><\/li><\/ul><h3><span style=\"font-size: 24pt;\">Declaratii interese cadre didactice<\/span><\/h3><ul><li style=\"list-style-type: none;\"><ul><li><a href=\"https:\/\/drive.google.com\/file\/d\/1vdfZkeevaJBhsI1kMPAei45hCNtMdUUs\/view?usp=sharing\">2024 - 2025<\/a><\/li><\/ul><\/li><\/ul><h3 id=\"page-title\" class=\"title\"><span style=\"font-size: 24pt;\">Evalu\u0103ri na\u021bionale la finalul claselor a II-a, a IV-a \u0219i a VI-a<\/span><\/h3><ul><li style=\"list-style-type: none;\"><ul><li><a href=\"https:\/\/drive.google.com\/file\/d\/1_43-6RXUN2StLgr4a_5UbroQ2Rqyzxfv\/view?usp=sharing\"><strong>ME_6595_2024_Evaluari_Nationale_246_2024-2025&nbsp;<\/strong><\/a><\/li><li><blockquote><p class=\"rtejustify\"><strong>CALENDAR&nbsp;administrare&nbsp;evaluare na\u021bional\u0103&nbsp;la finalul clasei&nbsp;a II-a (EN II) - 2025<\/strong><\/p><\/blockquote><ul><li><p class=\"rtejustify\"><strong>13 mai:<\/strong>&nbsp;<\/p><ul><li><p class=\"rtejustify\"><strong>Limb\u0103 \u0219i comunicare - scris<\/strong>&nbsp;- Limba rom\u00e2n\u0103<\/p><\/li><li><p class=\"rtejustify\"><strong>Limb\u0103 \u0219i comunicare - scris&nbsp;<\/strong>- Limba matern\u0103<\/p><\/li><\/ul><\/li><li><p class=\"rtejustify\"><strong>14 mai<\/strong>:<\/p><ul><li><p class=\"rtejustify\"><strong>Limb\u0103 \u0219i comunicare - citit -<\/strong>&nbsp;Limba rom\u00e2n\u0103<\/p><\/li><li><p class=\"rtejustify\"><strong>Limb\u0103 \u0219i comunicare - citit -&nbsp;<\/strong>Limba matern\u0103<\/p><\/li><\/ul><\/li><li><p class=\"rtejustify\"><strong>15 mai:<\/strong>&nbsp;<strong>Matematic\u0103&nbsp;<\/strong>\u0219i&nbsp;<strong>Explorarea mediului<\/strong><\/p><\/li><li><p class=\"rtejustify\"><strong>16 mai:<\/strong>&nbsp;<strong>Limb\u0103&nbsp;\u0219i comunicare<\/strong>&nbsp;(<strong>scris &amp; citit<\/strong>) -&nbsp;&nbsp;Limba rom\u00e2n\u0103 pentru minorit\u0103\u0163ile na\u021bionale<\/p><\/li><\/ul><p class=\"rtejustify\">***<\/p><blockquote><p class=\"rtejustify\"><strong>CALENDAR&nbsp;administrare&nbsp;evaluare&nbsp;na\u021bional\u0103&nbsp;la finalul clasei&nbsp;a IV-a (EN IV) - 2025<\/strong><\/p><\/blockquote><ul><li><p class=\"rtejustify\"><strong>20&nbsp;mai:<\/strong>&nbsp;Limb\u0103 \u0219i comunicare -&nbsp;Limba rom\u00e2n\u0103\/Limba rom\u00e2n\u0103 pentru minorit\u0103\u021bile na\u021bionale<\/p><\/li><li><p class=\"rtejustify\"><strong>21 mai:<\/strong>&nbsp;Matematic\u0103 \u0219i \u0218tiin\u021be ale naturii<\/p><\/li><li><p class=\"rtejustify\"><strong>22 mai:&nbsp;<\/strong>Limb\u0103 \u0219i comunicare -&nbsp;Limba matern\u0103<\/p><\/li><\/ul><p class=\"rtejustify\">***<\/p><blockquote><p class=\"rtejustify\"><strong>CALENDAR&nbsp;administrare&nbsp;evaluare&nbsp;na\u021bional\u0103&nbsp;la finalul clasei&nbsp;a VI-a (EN VI) - 2025<\/strong><\/p><\/blockquote><ul><li><p class=\"rtejustify\"><strong>27&nbsp;mai:<\/strong>&nbsp;Limb\u0103 \u0219i comunicare<\/p><\/li><li><p class=\"rtejustify\"><strong>28&nbsp;mai:&nbsp;<\/strong>Matematic\u0103&nbsp;\u0219i&nbsp;\u0218tiin\u021be ale naturii<\/p><\/li><li><p class=\"rtejustify\"><strong>29 mai:&nbsp;<\/strong>Limb\u0103 \u0219i comunicare -&nbsp;Limba matern\u0103<\/p><\/li><\/ul><p class=\"rtejustify\">Calendarele au fost aprobate prin&nbsp;<strong><a href=\"https:\/\/rocnee.eu\/images\/rocnee\/fisiere\/examene\/0246\/2024-2025\/OME_6595_2024_Evaluari_Nationale_246_2024-2025.pdf\" target=\"_blank\" rel=\"noopener\">ordinul nr. 6.595\/04.09.2024<\/a>&nbsp;<\/strong>privind aprobarea&nbsp;<strong>Metodologiei de organizare \u0219i desf\u0103\u0219urare a evalu\u0103rilor na\u021bionale de la finalul claselor a II-a, a IV-a \u0219i a VI-a \u00een anul \u0219colar 2024 - 2025.<\/strong><\/p><\/li><\/ul><\/li><\/ul><h3><span style=\"font-size: 24pt; font-family: -apple-system, BlinkMacSystemFont, 'Segoe UI', Roboto, Oxygen, Ubuntu, Cantarell, 'Fira Sans', 'Droid Sans', 'Helvetica Neue', sans-serif; font-weight: bold;\">INSCRIEREA IN INVATAMANTUL PRESCOLAR SI PRIMAR (2025-2026)<\/span><\/h3><ul><li style=\"list-style-type: none;\"><ul><li><a href=\"https:\/\/drive.google.com\/file\/d\/1hgvNzwTwu3xnVwdsfg7wcTmIoLucYYz0\/view?usp=sharing\"><strong>OMEC 3435 OMEC 3436 INSCRIERE GRADINITA - INV PRIMAR<\/strong><\/a><\/li><li><a href=\"https:\/\/drive.google.com\/file\/d\/1LEbvxoY6Tn8NQyyLpoL6betdr937Cyzg\/view?usp=sharing\">Metodologia de inscriere a copiilor in inv. primar<\/a><\/li><li><a href=\"https:\/\/drive.google.com\/file\/d\/1t1bvyGBRmmWCQtmDn0iCeM87LH35Qb23\/view?usp=sharing\">Centre de evaluare a nivelului de dezvoltare a copiilor pentru inscrierea in inv. primar<\/a><\/li><li><a href=\"https:\/\/drive.google.com\/file\/d\/1BdippP3pbpTGENqxr3ktdXQlucgjhpZb\/view?usp=sharing\">Procedura privind inscrierea la clasa pregatitoare<\/a><\/li><li><a href=\"https:\/\/drive.google.com\/file\/d\/1AZhspMTvcCHu-GSgY0ea-NczD9LQuWwL\/view?usp=sharing\">Inscrierea \/ amanarea inscrierii in inv. primar<\/a><\/li><li><a href=\"https:\/\/drive.google.com\/file\/d\/1-UJFfnjad4IgIpf3BEFm2RDsNMRWJnAi\/view?usp=sharing\">Calendar inscriere clasa pregatitoare<\/a><\/li><li><a href=\"https:\/\/drive.google.com\/file\/d\/12_dfE0cGYgDW7L9teDXV1gGs8JUCQerp\/view?usp=sharing\">Cerere tip inscriere clasa pregatitoare etapa I<\/a><\/li><li><a href=\"https:\/\/drive.google.com\/file\/d\/16DDWFuwjHcvB3PIg5nFSmCdg3FCogfLt\/view?usp=sharing\">Inscriere educatie timpurie<\/a><\/li><li><a href=\"https:\/\/drive.google.com\/file\/d\/1sDQMihSqgU76ePqUzNe1m0DQ3GgL-bUT\/view?usp=sharing\">Calendar inscr. ed. timpurie<\/a><\/li><li><p><strong>Completare date online:<\/strong><\/p><p>Formularul online permite p\u0103rin\u021bilor s\u0103 completeze online datele necesare pentru \u00eenscrierea copiilor \u00een \u00eenv\u0103\u021b\u0103m\u00e2ntul primar, \u00een clasa preg\u0103titoare, conform <a href=\"https:\/\/inscriere.edu.ro\/materiale\/OM_4019_2024.pdf\" target=\"_blank\" rel=\"noopener\">metodologiei de \u00eenscriere<\/a>.<\/p><p>Conform&nbsp;<a href=\"https:\/\/inscriere.edu.ro\/materiale\/OMEC-3435.pdf\" target=\"_blank\" rel=\"noopener\">Calendarului de \u00eenscriere a copiilor \u00een \u00eenv\u0103\u021b\u0103m\u00e2ntul primar pentru anul \u0219colar 2025-2026<\/a>&nbsp;formularul de \u00eenscriere este disponibil \u00een perioada 31.03.2025-06.05.2025 pentru \u00eenscrierile aferente etapei I, respectiv 23.05.2025-29.05.2025 pentru \u00eenscrierile aferente etapei a II-a.<\/p><p>Formularul online poate fi accesat <a href=\"https:\/\/inscriere.edu.ro\/cerere\/\"><strong>aici<\/strong><\/a>.<\/p><\/li><li><a href=\"https:\/\/drive.google.com\/file\/d\/1JY_xxhW8aUnLm_RriPxk7S1Z7rbnIK7t\/view?usp=sharing\">Cerere tip inscriere clasa pregatitoare etapa II<\/a><\/li><li><a href=\"https:\/\/drive.google.com\/file\/d\/11r9t1w_Y51TCCqPWRDp0mWqX_WDKqS2N\/view?usp=sharing\">Anexa 1 la metodologie<\/a><\/li><\/ul><\/li><\/ul><h3>Calendar scolar 2024-2025<\/h3><ul><li style=\"list-style-type: none;\"><ul><li>Calendarul poate fi accesat <a href=\"https:\/\/drive.google.com\/file\/d\/11f8nmA8R3SvF5W8BjIUW5KNzZngx5tP_\/view?usp=sharing\">aici<\/a><\/li><li>Calendarul pe module si zile libere poate fi accesat aici <a href=\"https:\/\/drive.google.com\/file\/d\/11fJHQnEskKAy28fbzsw1jL9XvJA1PjXa\/view?usp=sharing\">aici<\/a><\/li><\/ul><\/li><\/ul><h3>Evaluarea elevilor la finalul claselor a II-a, a IV-a si a VI-a 2024-2025<\/h3><ul><li style=\"list-style-type: none;\"><ul><li>Calendarul evaluarilor poate fi accesat <a href=\"https:\/\/drive.google.com\/file\/d\/11Y8WyzTXWgp28JCf8qnGPZTh6_syPxKw\/view?usp=sharing\">aici<\/a><\/li><\/ul><\/li><\/ul><p><span style=\"font-size: 24pt; font-family: -apple-system, BlinkMacSystemFont, 'Segoe UI', Roboto, Oxygen, Ubuntu, Cantarell, 'Fira Sans', 'Droid Sans', 'Helvetica Neue', sans-serif; font-weight: bold;\">Cerere oferta pret servicii masa in sistem catering<\/span><\/p><ul><li style=\"list-style-type: none;\"><ul><li>Cererea poate fi descarcata de <a href=\"https:\/\/drive.google.com\/file\/d\/1gkcLMKKeT_HoM4n26nSterg8Mtqq269I\/view?usp=sharing\">aici<\/a><\/li><\/ul><\/li><\/ul><p><span style=\"font-size: 24pt; font-family: -apple-system, BlinkMacSystemFont, 'Segoe UI', Roboto, Oxygen, Ubuntu, Cantarell, 'Fira Sans', 'Droid Sans', 'Helvetica Neue', sans-serif; font-weight: bold;\">Admitere invatamant profesional<\/span><\/p><ul><li style=\"list-style-type: none;\"><ul><li><a href=\"https:\/\/drive.google.com\/file\/d\/15yHStYn-rbMaVANTvIrzh-PrZRdECebz\/view?usp=sharing\">Calendar admitere<\/a>;<\/li><li>Domeniul: Turism si alimentatie;<\/li><li>Calificare profesionala: Ospatar (chelner) vanzator in unitati de alimentatie;<\/li><li>Nr. de locuri 24, inscrisi\/admisi 4, locuri libere 20;<\/li><li>Obs. : NU SE ORGANIZEAZA SESIUNE DE PRESELECTIE A CANDIDATILOR.<\/li><\/ul><\/li><\/ul><p><span style=\"font-size: 24pt; font-family: -apple-system, BlinkMacSystemFont, 'Segoe UI', Roboto, Oxygen, Ubuntu, Cantarell, 'Fira Sans', 'Droid Sans', 'Helvetica Neue', sans-serif; font-weight: bold;\">INSCRIEREA IN INVATAMANTUL PRESCOLAR (2024-2025)<\/span><\/p><ul><li style=\"list-style-type: none;\"><ul><li><a href=\"https:\/\/edu.ro\/educatie_timpurie\">Informatii actualizate legate de inscrierea la gradinita 2024-2025 (ME)<\/a><\/li><li><a href=\"https:\/\/www.isjbrasov.ro\/index.php\/inscrieri\/inscrierea-in-gradinita\/6494-inscrieri-educatie-timpurie-2024\">Informatii actualizate legate de inscrierea la gradinita 2024-2025 (ISJ Brasov)<\/a><\/li><li><a href=\"https:\/\/www.edu.ro\/ghid_intrebari_raspunsuri_inscriere_invatamant_prescolar_anteprescolar\">Ghid intrebari si raspunsuri<\/a><\/li><li><a href=\"https:\/\/www.isjbrasov.ro\/images\/Inspectori\/Inv_Prescolar\/anexa_2_calendar_2024_final.pdf\">Calendar inscrieri<\/a><\/li><li><a href=\"https:\/\/drive.google.com\/file\/d\/1eOTpQpD5RRC5RiM9Jf8_-WAk01tQXdLX\/view?usp=sharing\">Raport locuri libere la sfarsitul etapei I<\/a><\/li><\/ul><\/li><\/ul><h3>Evaluarea elevilor la finalul claselor a II-a, a IV-a si a VI-a 2023-2024<\/h3><ul><li style=\"list-style-type: none;\"><ul><li>Calendarul evaluarilor poate fi accesat <a href=\"https:\/\/drive.google.com\/file\/d\/15nAzDpJHcC2PRsDr_cu19qDzIzSf4-Qg\/view?usp=sharing\">aici<\/a><\/li><\/ul><\/li><\/ul><h3><span style=\"font-size: 24pt;\">Anunt concurs de ocupare a 1\/2 post de ingrijitor 2024<\/span><\/h3><ul style=\"font-family: NonBreakingSpaceOverride, 'Hoefler Text', Garamond, 'Times New Roman', serif; font-size: 22px; font-weight: 400; letter-spacing: normal;\"><li style=\"list-style-type: none;\"><ul style=\"font-family: NonBreakingSpaceOverride, 'Hoefler Text', Garamond, 'Times New Roman', serif; font-size: 22px; font-weight: 400; letter-spacing: normal;\"><li><a href=\"https:\/\/drive.google.com\/file\/d\/15nfwMMtJQ9CFXXRb28XRgLe832Ziwv4r\/view?usp=sharing\">Anuntul, calendarul si bibliografia concursului de ocupare a postului de ingrijitor<\/a><\/li><\/ul><\/li><\/ul><h3>OFERTA EDUCA\u021aIONAL\u0102 AN \u0218COLAR 2024-2025<\/h3><ul><li style=\"list-style-type: none;\"><ul><li>Puteti accesa oferta educationala a unitatii noastre scolare <a href=\"https:\/\/drive.google.com\/file\/d\/1cmzY4qZr9S5Kg5kg2V47eWwB0oPZ4933\/view?usp=sharing\">AICI<\/a><\/li><\/ul><\/li><\/ul><h3><span style=\"font-size: 24pt;\">INSCRIEREA IN INVATAMANTUL PRIMAR (2024-2025)<\/span><\/h3><ul><li style=\"list-style-type: none;\"><ul><li><a href=\"https:\/\/edu.ro\/inscriere-invatamant-primar\">Informatii actualizate legate de inscrierea in clasa pregatitoare (ME)<\/a><\/li><li><a href=\"https:\/\/www.isjbrasov.ro\/images\/Inscriere_inv_primar\/2024\/OME_nr._4019_din_15.03.2024_Metodologie_inscriere_inv._primar_2024-2025.pdf\">Informatii actualizate legate de inscrierea in clasa pregatitoare (ISJ Brasov)<\/a><\/li><li><a href=\"https:\/\/www.cjraebrasov.ro\/inscrierea-copiilor-in-invatamantul-primar-zg\">Informatii actualizate legate de inscrierea in clasa pregatitoare (evaluare CJRAE Brasov)<\/a><\/li><li><a href=\"https:\/\/drive.google.com\/file\/d\/1d1MgOfbcyAr0CF--571HdpPWY6PoufkJ\/view?usp=sharing\">Ziua portilor deschise<\/a><\/li><li><a href=\"https:\/\/docs.google.com\/spreadsheets\/d\/1Rz1Qdn86-pFQqWUd2yaVMd9PHOVV3Gji0gzBDY-ed_8\/edit#gid=1864947230\">Planul de scolarizare propus.<\/a><\/li><li><a href=\"https:\/\/www.isjbrasov.ro\/images\/Inscriere_inv_primar\/2024\/PO_INSCRIERE__CP_2024-2025.PDF\">Procedura privind inscrierea in clasa pregatitoare pentru anul scolar 2024-2025<\/a><\/li><li><a href=\"https:\/\/drive.google.com\/file\/d\/15oUcCgB7ANfHuzGHvE9J77GBFJ0qxg3H\/view?usp=sharing\">Procedura specifica de repartizare a copiilor pe locurile disponibile, \u00een etapa a doua<\/a><\/li><li><a href=\"https:\/\/www.isjbrasov.ro\/images\/Inscriere_inv_primar\/2024\/PO_AMANARE_CP_24_25.PDF\">Amanare inscriere inv. primar<\/a><\/li><li><a href=\"https:\/\/drive.google.com\/file\/d\/1dtki4iRY2Ma4WvHrv9fK4gAq81qXlQpm\/view?usp=sharing\">Raport cu locurile ramase libere dupa prima etapa<\/a><\/li><li><a href=\"https:\/\/drive.google.com\/file\/d\/1dxeqM4vJec4Bm4WV8u8T6e-1krLolSz7\/view?usp=sharing\">Lista copiilor admisi in prima etapa<\/a><\/li><\/ul><\/li><\/ul><h3><span style=\"font-size: 24pt;\">Anunt concurs de ocupare a 1 post de ingrijitor 2024<\/span><\/h3><ul style=\"font-family: NonBreakingSpaceOverride, 'Hoefler Text', Garamond, 'Times New Roman', serif; font-size: 22px; font-weight: 400; letter-spacing: normal;\"><li style=\"list-style-type: none;\"><ul style=\"font-family: NonBreakingSpaceOverride, 'Hoefler Text', Garamond, 'Times New Roman', serif; font-size: 22px; font-weight: 400; letter-spacing: normal;\"><li><a href=\"https:\/\/drive.google.com\/file\/d\/14DmS4go1Tz5WXSz39B4HxINQVYBca9Os\/view?usp=sharing\">Anuntul, calendarul si bibliografia concursului de ocupare a postului de ingrijitor<\/a><\/li><\/ul><\/li><\/ul><h3><span style=\"font-size: 24pt;\">Anunt concurs ocupare post administrator de patrimoniu 2024<\/span><\/h3><ul><li style=\"list-style-type: none;\"><ul><li><a href=\"https:\/\/drive.google.com\/file\/d\/1uB3ieOywrPETUa3ZSo3TWyxCXTZCmu8F\/view?usp=sharing\">Anunt<\/a><\/li><li><a href=\"https:\/\/drive.google.com\/file\/d\/1GZ-5duFuKztGKv_goSxiEAoJTq0ekwIe\/view?usp=sharing\">Formular inscriere<\/a><\/li><\/ul><\/li><\/ul><h3><span style=\"font-size: 24pt;\">Anunt concurs de ocupare a 1\/2 post de ingrijitor 2023<\/span><\/h3><ul style=\"font-family: NonBreakingSpaceOverride, 'Hoefler Text', Garamond, 'Times New Roman', serif; font-size: 22px; font-weight: 400; letter-spacing: normal;\"><li style=\"list-style-type: none;\"><ul style=\"font-family: NonBreakingSpaceOverride, 'Hoefler Text', Garamond, 'Times New Roman', serif; font-size: 22px; font-weight: 400; letter-spacing: normal;\"><li><a href=\"https:\/\/drive.google.com\/file\/d\/1rPS3SAd59QDiB2NS1PUOdljFgEqZxauJ\/view?usp=sharing\">Anuntul, calendarul si bibliografia concursului de ocupare a postului de ingrijitor<\/a><\/li><\/ul><\/li><\/ul><h3><span style=\"font-size: 24pt;\">Anunt concurs ocupare post didactic Informatica si TIC<\/span><\/h3><ul><li style=\"list-style-type: none;\"><ul><li><a href=\"https:\/\/drive.google.com\/file\/d\/1KK37suKrGu-8COEXpUwHx8CU4t0TvhLr\/view?usp=sharing\">Anunt<\/a><\/li><li><a href=\"https:\/\/drive.google.com\/file\/d\/1KKVfB0I7uDAP6VXZ9ml-dBd9Vs8b17as\/view?usp=sharing\">Cerere inscriere<\/a><\/li><\/ul><\/li><\/ul><h3><span style=\"font-size: 24pt;\">Anunt concurs ocupare post didactic educator\/institutor<\/span><\/h3><ul><li style=\"list-style-type: none;\"><ul><li><a href=\"https:\/\/drive.google.com\/file\/d\/1KM_XBNmd8vSzb0YTG6xuAwLJXzMmTIzL\/view?usp=sharing\">Anunt<\/a><\/li><li><a href=\"https:\/\/drive.google.com\/file\/d\/1KKVfB0I7uDAP6VXZ9ml-dBd9Vs8b17as\/view?usp=sharing\">Cerere inscriere<\/a><\/li><\/ul><\/li><\/ul><h3><span style=\"font-size: 24pt;\">Anunt concurs ocupare post sofer de microbuz scolar<\/span><\/h3><ul><li style=\"list-style-type: none;\"><ul><li><a href=\"https:\/\/drive.google.com\/file\/d\/1J_h_kN1zazOqm5X_VNMwnSNpWzptdFW2\/view?usp=sharing\">Anunt<\/a><\/li><li><a href=\"https:\/\/drive.google.com\/file\/d\/1GZ-5duFuKztGKv_goSxiEAoJTq0ekwIe\/view?usp=sharing\">Formular inscriere<\/a><\/li><li><a href=\"https:\/\/drive.google.com\/file\/d\/1L6IQQ8mb8eP6fh3NrL8mHKadP5N7f-o1\/view?usp=sharing\">Rezultate&nbsp; verificare dosare<\/a><\/li><\/ul><\/li><\/ul><ul><li style=\"list-style-type: none;\"><span style=\"font-size: 24pt; font-family: -apple-system, BlinkMacSystemFont, 'Segoe UI', Roboto, Oxygen, Ubuntu, Cantarell, 'Fira Sans', 'Droid Sans', 'Helvetica Neue', sans-serif; font-weight: bold;\">INSCRIEREA IN INVATAMANTUL PRESCOLAR (2023-2024)<\/span><\/li><\/ul><ul><li style=\"list-style-type: none;\"><ul><li><a href=\"https:\/\/www.edu.ro\/educatie_timpurie\">Informatii actualizate legate de inscrierea la gradinita 2023-2024 (ME)<\/a><\/li><li><a href=\"https:\/\/www.edu.ro\/ghid_intrebari_raspunsuri_inscriere_invatamant_prescolar_anteprescolar_2023_2024\">Ghid intrebari si raspunsuri<\/a><\/li><\/ul><\/li><\/ul><h3>Evaluarea elevilor la finalul clasei a VI-a (EN VI)<\/h3><ul><li style=\"list-style-type: none;\"><ul><li>Potrivit&nbsp;<a href=\"https:\/\/www.edu.ro\/sites\/default\/files\/_fi%C8%99iere\/Legislatie\/2023\/OUG\/OUG_56_11_06_2023.pdf\" target=\"_blank\" rel=\"noopener\">Ordonan\u021bei de urgen\u021b\u0103 nr. 56\/2023<\/a>&nbsp;pentru instituirea unor m\u0103suri privind buna func\u021bionare a sistemului de \u00eenv\u0103\u021b\u0103m\u00e2nt \u00een anul \u0219colar 2022 - 2023,<strong>&nbsp;\u00een anul \u0219colar 2022 - 2023, evaluarea elevilor prin dou\u0103 probe transdisciplinare: limb\u0103 \u0219i comunicare, matematic\u0103 \u0219i \u0219tiin\u021be, la finalul clasei a VI-a, nu se&nbsp;organizeaz\u0103.&nbsp;<\/strong><\/li><li><a href=\"https:\/\/www.edu.ro\/EN_II_IV_VI\"><span style=\"font-weight: bolder;\">A fost publicata actualizarea calendarului<\/span><\/a><\/li><\/ul><\/li><\/ul><h3><span style=\"font-size: 24pt;\">STRUCTURA ANULUI SCOLAR (2023-2024)<\/span><\/h3><ul><li style=\"list-style-type: none;\"><ul><li><a href=\"https:\/\/www.edu.ro\/etichete\/proiect-structur%C4%83-%C8%99colar-2023-2024\"><span style=\"font-weight: bolder;\">A fost publicat proiectul structurii anului scolar 2023-2024<\/span><\/a><\/li><\/ul><\/li><\/ul><h3><span style=\"font-size: 24pt;\">SCOALA ALTFEL (2023-2024)<\/span><\/h3><ul><li style=\"list-style-type: none;\"><ul><li><a href=\"https:\/\/www.edu.ro\/etichete\/%C5%9Fcoala-altfel\">Informatii actualizate legate de SCOALA ALTFEL (ME)<\/a><\/li><\/ul><\/li><\/ul><h3><span style=\"font-size: 24pt;\">INSCRIEREA IN INVATAMANTUL PRIMAR (2023-2024)<\/span><\/h3><ul><li style=\"list-style-type: none;\"><ul><li><a href=\"https:\/\/www.edu.ro\/inscriere-invatamant-primar\">Informatii actualizate legate de inscrierea in clasa pregatitoare (ME<\/a>)<\/li><\/ul><\/li><\/ul><ul><li style=\"list-style-type: none;\"><ul><li><a href=\"http:\/\/www.isjbrasov.ro\/index.php\/inscrieri\/inscriere-inv-primar\">Informatii actualizate legate de inscrierea in clasa pregatitoare (ISJ Brasov)<\/a><\/li><li><a href=\"https:\/\/docs.google.com\/spreadsheets\/d\/1FeV_7OKk06RRv21TQOrUqADiCqXSdUY5zB0ZImXnjSA\/edit#gid=493919678\">Planul de scolarizare propus, respectiv numarul de clase pregatitoare si locurile alocate fiecarei unitati de invatamant.<\/a><\/li><li><a href=\"http:\/\/www.isjbrasov.ro\/index.php\/inscrieri\/inscrierea-in-gradinita\/6080-amanarea-inscrierii-inv-primar\">Amanare inscriere inv. primar<\/a><\/li><li><a href=\"https:\/\/drive.google.com\/file\/d\/1CSSgp1deGxSEmXqFhATMb7a9bw2qjwEr\/view?usp=sharing\">Raport cu locurile ramase libere dupa prima etapa<\/a><\/li><li><a href=\"https:\/\/drive.google.com\/file\/d\/1CX9MeLiyl7mgRLBarOkGxu_CmD0FmVtb\/view?usp=sharing\">Lista copiilor admisi in prima etapa<\/a><\/li><\/ul><\/li><\/ul><p><a href=\"https:\/\/drive.google.com\/file\/d\/1O9g-CciLeBHn__CHjtZpEOXPs_ojsN-9\/view?usp=sharing\"><span style=\"font-size: 24pt;\"><strong>Traficul de persoane-Ghid pentru cadrele didactice<\/strong><\/span><\/a><\/p><p><a href=\"https:\/\/drive.google.com\/file\/d\/1O8GlMGVkv5dCXPVYp3jQ0RpE73UOZGc1\/view?usp=sharing\"><span style=\"font-size: 24pt;\"><strong>Traficul de persoane-Ghid pentru parinti<\/strong><\/span><\/a><\/p><h3><span style=\"font-size: 24pt;\">CONCURSUL DE OCUPARE A POSTULUI DE INGRIJITOR 2023<\/span><\/h3><ul style=\"font-family: NonBreakingSpaceOverride, 'Hoefler Text', Garamond, 'Times New Roman', serif; font-size: 22px; font-weight: 400; letter-spacing: normal;\"><li style=\"list-style-type: none;\"><ul style=\"font-family: NonBreakingSpaceOverride, 'Hoefler Text', Garamond, 'Times New Roman', serif; font-size: 22px; font-weight: 400; letter-spacing: normal;\"><li><a href=\"https:\/\/drive.google.com\/file\/d\/16LA3mh3BD2w5Mv-VFn91UR2yJREGUyKi\/view?usp=sharing\"><span style=\"font-weight: bolder;\">Anuntul, calendarul si bibliografia concursului de ocupare a postului de ingrijitor<\/span><\/a><\/li><\/ul><\/li><\/ul><h3><span style=\"font-size: 24pt;\">SAPTAMANA VERDE (2023-2024)<\/span><\/h3><ul><li style=\"list-style-type: none;\"><ul><li><a href=\"https:\/\/www.edu.ro\/metodologie_Saptamana_Verde\">Informatii actualizate legate de SAPTAMANA VERDE (ME)<\/a><\/li><\/ul><\/li><\/ul><h3><span style=\"font-size: 24pt;\">CONCURSUL DE OCUPARE A POSTURILOR DIDACTICE 2022<\/span><\/h3><ul style=\"font-family: NonBreakingSpaceOverride, 'Hoefler Text', Garamond, 'Times New Roman', serif; font-size: 22px; font-weight: 400; letter-spacing: normal;\"><li style=\"list-style-type: none;\"><ul style=\"font-family: NonBreakingSpaceOverride, 'Hoefler Text', Garamond, 'Times New Roman', serif; font-size: 22px; font-weight: 400; letter-spacing: normal;\"><li><a href=\"https:\/\/drive.google.com\/file\/d\/1447HkZEujnOMuC5ENbvOvXbv6Ap-qrZt\/view?usp=sharing\"><span style=\"font-weight: bolder;\">Anuntul si calendarul concursului de ocupare a postului didactic<\/span><\/a><\/li><\/ul><\/li><\/ul><h3><span style=\"font-size: 24pt;\">CONCURSUL DE OCUPARE A POSTULUI DE INGRIJITOR 2022<\/span><\/h3><ul style=\"font-family: NonBreakingSpaceOverride, 'Hoefler Text', Garamond, 'Times New Roman', serif; font-size: 22px; font-weight: 400; letter-spacing: normal;\"><li style=\"list-style-type: none;\"><ul style=\"font-family: NonBreakingSpaceOverride, 'Hoefler Text', Garamond, 'Times New Roman', serif; font-size: 22px; font-weight: 400; letter-spacing: normal;\"><li><a href=\"https:\/\/drive.google.com\/file\/d\/12sIkvGWoMoCooXoflZnKjNklD1N-MweU\/view?usp=sharing\"><span style=\"font-weight: bolder;\">Anuntul, calendarul si bibliografia concursului de ocupare a postului de ingrijitor<\/span><\/a><\/li><\/ul><\/li><\/ul><h3><span style=\"font-size: 24pt;\">STRUCTURA ANULUI SCOLAR (2022-2023)<\/span><\/h3><ul><li style=\"list-style-type: none;\"><ul><li><a href=\"https:\/\/www.edu.ro\/structura_an_scolar_2022_2023\"><span style=\"font-weight: bolder;\">A fost publicata structura anului scolar 2022-2023<\/span><\/a><\/li><\/ul><\/li><\/ul><h3><span style=\"font-size: 24pt;\">INSCRIEREA IN INVATAMANTUL PRESCOLAR (2022-2023)<\/span><\/h3><ul><li style=\"list-style-type: none;\"><ul><li><a href=\"https:\/\/www.edu.ro\/invatamant-prescolar\">Informatii actualizate legate de inscrierea la gradinita 2022-2023 (ME)<\/a><\/li><\/ul><\/li><\/ul><h3><span style=\"font-size: 24pt;\">INSCRIEREA IN INVATAMANTUL PRIMAR <\/span><span style=\"font-size: 24pt;\">(2022-2023)<\/span><\/h3><ul><li style=\"list-style-type: none;\"><ul><li><a href=\"https:\/\/docs.google.com\/document\/d\/1-JjzI-cRKPJButNr-XTOJbkOfTSL-kXU\/edit?usp=sharing&amp;ouid=116063534904870294702&amp;rtpof=true&amp;sd=true\">Anunt privind validarea cererilor de inscriere<\/a><\/li><\/ul><\/li><\/ul><ul><li style=\"list-style-type: none;\"><ul><li><a href=\"https:\/\/www.edu.ro\/inscriere-invatamant-primar\">Informatii actualizate legate de inscrierea in clasa pregatitoare (ME<\/a>)<\/li><\/ul><\/li><\/ul><ul><li style=\"list-style-type: none;\"><ul><li><a href=\"http:\/\/www.isjbrasov.ro\/index.php\/inscrieri\/inscriere-inv-primar\">Informatii actualizate legate de inscrierea in clasa pregatitoare (ISJ Brasov)<\/a><\/li><\/ul><\/li><\/ul><h3><span style=\"font-size: 24pt;\">EXAMENUL DE PROMOVARE PE POSTUL DE ADMINISTRATOR FINANCIAR - CONTABIL SEF 2022<\/span><\/h3><ul><li style=\"list-style-type: none;\"><ul><li><a href=\"https:\/\/drive.google.com\/file\/d\/1-2yJSzRXpbXY2JoquZ2XyAlSGolgkKLH\/view?usp=sharing\"><strong>Anuntul, calendarul si bibliografia examenului de promovare pe postul de administrator financiar - contabil sef<\/strong><\/a><\/li><\/ul><\/li><\/ul><h3><span style=\"font-size: 24pt;\">CONCURSUL DE OCUPARE A POSTULUI DE SECRETAR SEF 2022<\/span><\/h3><ul><li style=\"list-style-type: none;\"><ul><li><a href=\"https:\/\/drive.google.com\/file\/d\/16bukAwDSyQXxVSOYOheHYTEL5zNVfZDw\/view?usp=sharing\"><strong>Anuntul, calendarul si bibliografia concursului de ocupare a postului de secretar sef<\/strong><\/a><\/li><\/ul><\/li><\/ul><h3><strong><span style=\"font-size: 24pt;\">Concurs de ocupare a posturilor didactice: profesor CSS Predeal<\/span><\/strong><\/h3><ul><li style=\"list-style-type: none;\"><ul><li><strong><a href=\"https:\/\/drive.google.com\/file\/d\/1N5X3EoHsgkaODJZdeEXMEgemjI3-qsfj\/view?usp=sharing\">Rezultate concurs<\/a><\/strong><\/li><\/ul><\/li><\/ul><ul><li style=\"list-style-type: none;\"><ul><li><a href=\"https:\/\/docs.google.com\/document\/d\/1vCw4nV6wewjpLNDNVsXOMXG_azmNvZ7F\/edit?usp=sharing&amp;ouid=116063534904870294702&amp;rtpof=true&amp;sd=true\"><strong>Programa pentru concurs<\/strong><\/a><\/li><\/ul><\/li><\/ul><ul><li style=\"list-style-type: none;\"><ul><li><a href=\"https:\/\/drive.google.com\/file\/d\/1eYsGZ9GX_qiBeCQ2souhzNVIe6JcY4bG\/view?usp=sharing\"><strong>Anuntul concursului de ocupare a posturilor didactice<\/strong><\/a><\/li><\/ul><\/li><\/ul><h3><strong><span style=\"font-size: 24pt;\">Informare privind gradul de vaccinare in randul personalului angajat in Liceul Teoretic \"Mihail Saulescu\"<\/span><\/strong><\/h3><p>Numarul angajatilor vaccinati impotriva Covid-19, cu cel putin o doza, din Liceul Teoretic \"Mihail Saulescu\" din Predeal la data de <strong>01.11.2021<\/strong>:<\/p><ul><li style=\"list-style-type: none;\"><ul><li>Total personal in unitate: 26 de angajati;<\/li><\/ul><\/li><\/ul><ul><li style=\"list-style-type: none;\"><ul><li>Total personal vaccinat in unitate: 45 de angajati<\/li><\/ul><\/li><\/ul><p>Ponderea personalului vaccinat raportat la numarul total de angajati: 57,78%<\/p><h3><strong><span style=\"font-size: 24pt;\">Concurs de ocupare a posturilor didactice: profesor TIC<\/span><\/strong><\/h3><ul><li style=\"list-style-type: none;\"><ul><li><a href=\"https:\/\/docs.google.com\/document\/d\/1NP6CPdpQCax0GhLpe7cdxXIBSg7B4JAc\/edit?usp=sharing&amp;ouid=116063534904870294702&amp;rtpof=true&amp;sd=true\"><strong>Programa pentru concurs<\/strong><\/a><\/li><\/ul><\/li><\/ul><ul><li style=\"list-style-type: none;\"><ul><li><a href=\"https:\/\/drive.google.com\/file\/d\/1CpLLD3aJRCsuDMM68OLDb4uHjp9k59vE\/view?usp=sharing\"><strong>Anuntul concursului de ocupare a posturilor didactice<\/strong><\/a><\/li><\/ul><\/li><\/ul><h3><strong><span style=\"font-size: 24pt;\">Festivitatea inceperii noului an scolar 2021 - 2022<\/span><\/strong><\/h3><p>Dragi elevi, <br>Luni, 13.09.2021, pornim \u00eempreun\u0103, plini de speran\u021b\u0103 \u0219i anima\u021bi de entuziasmul fiec\u0103rui \u00eenceput, pe drumul anului \u0219colar 2021-2022.<br>Deschiderea anului \u0219colar va avea loc \u00een curtea Liceului Teoretic \u201cMihail S\u0103ulescu\u201d Predeal la ora 10:30. <br>V\u0103 a\u0219tept\u0103m cu drag!<\/p><h3><span style=\"font-size: 24pt;\">CONCURSUL DE OCUPARE A POSTULUI DE SECRETAR SEF 2021<\/span><\/h3><ul><li style=\"list-style-type: none;\"><ul><li><a href=\"https:\/\/drive.google.com\/file\/d\/1RqxL49lOTReODMBBkTWc7ZH90AU24hFh\/view?usp=sharing\"><strong>Rezultatele la proba scrisa a concursului de ocupare a postului de secretar sef<\/strong><\/a><\/li><\/ul><\/li><\/ul><ul><li style=\"list-style-type: none;\"><ul><li><a href=\"https:\/\/drive.google.com\/file\/d\/1_8_CNXjbLLJGRj3hXaJDMBwGDIcndBbX\/view?usp=sharing\"><strong>Rezultatele la selectia dosarelor concursului de ocupare a postului de secretar sef<\/strong><\/a><\/li><\/ul><\/li><\/ul><ul><li style=\"list-style-type: none;\"><ul><li><a href=\"https:\/\/drive.google.com\/file\/d\/1SL7LmRn8mdrvfHnEYPBqx_xpfJXMmSGj\/view?usp=sharing\"><strong>Anuntul concursului de ocupare a postului de secretar sef<\/strong><\/a><\/li><\/ul><\/li><\/ul><h3><span style=\"font-size: 24pt;\">Inscriere \/ Reinscriere - Invatamant prescolar \/ Gradinita 2021-2022<\/span><\/h3><ul><li style=\"list-style-type: none;\"><ul><li><a href=\"https:\/\/drive.google.com\/file\/d\/1iOgNa-bdCzUSdot2dF7vFdtOmUSvLY8E\/view?usp=sharing\"><strong>Cerere inscriere<\/strong><\/a><\/li><\/ul><\/li><\/ul><ul><li style=\"list-style-type: none;\"><ul><li><a href=\"https:\/\/www.edu.ro\/inscriere_gradinita_2021_2022\"><strong>Comunicat minister<\/strong><\/a><\/li><\/ul><\/li><\/ul><h3><span style=\"font-size: 24pt;\">Inscriere - clasa pregatitoare 2021-2022<\/span><\/h3><ul><li style=\"list-style-type: none;\"><ul><li><a href=\"https:\/\/drive.google.com\/file\/d\/1ws9TYWc_osU2JEunQek6tnSh_otkrcOI\/view?usp=sharing\"><strong>Raport locuri ocupate \/ libere dupa prima etapa<\/strong><\/a><\/li><\/ul><\/li><\/ul><ul><li style=\"list-style-type: none;\"><ul><li><a href=\"https:\/\/drive.google.com\/file\/d\/1h0KZP93rnYSwqljcI1LzxH4bmPfWnIaD\/view?usp=sharing\"><strong>Ordin ministru<\/strong><\/a><\/li><\/ul><\/li><\/ul><ul><li style=\"list-style-type: none;\"><ul><li><a href=\"https:\/\/drive.google.com\/file\/d\/1fPcUtBv3L7JUREfwHWsRoAJBb58p1rY_\/view?usp=sharing\"><strong>Metodologie<\/strong><\/a><\/li><\/ul><\/li><\/ul><ul><li style=\"list-style-type: none;\"><ul><li><a href=\"https:\/\/drive.google.com\/file\/d\/1xM5WeLSxmB1YHzktNSIE_In4lycAKA3-\/view?usp=sharing\"><strong>Calendar inscriere<\/strong><\/a><\/li><\/ul><\/li><\/ul><ul><li style=\"list-style-type: none;\"><ul><li><a href=\"https:\/\/drive.google.com\/file\/d\/1Ra04Ror-BWK74T4PslZvqIqPKY762zgO\/view?usp=sharing\"><strong>Anexe la metodologie<\/strong><\/a><\/li><\/ul><\/li><\/ul><ul><li style=\"list-style-type: none;\"><ul><li><a href=\"http:\/\/bit.ly\/Pregatitoare2021Bv\"><strong>Planul de scolarizare propus, respectiv numarul de clase pregatitoare si locurile alocate fiecarei unitati de invatamant.<\/strong><\/a><\/li><\/ul><\/li><\/ul><ul><li style=\"list-style-type: none;\"><ul><li><a href=\"https:\/\/inscriere.edu.ro\/\"><strong>Formularul online care permite parintilor sa precompleteze datele necesare pentru inscrierea copiilor in invatamantul primar.<\/strong><\/a><\/li><\/ul><\/li><\/ul><h2><span style=\"font-size: 24pt;\"><strong><u>Atentie!<\/u>&nbsp;Completarea acestei cereri de inscriere nu elimina obligativitatea de a va prezenta la unitatea de invatamant unde doriti inscrierea cu dosarul complet al copilului, in vederea validarii prezentei cereri. Acest formular va permite doar sa va prezentati la secretariatul scolii cu datele copilului pre-completate, scurtand timpul de asteptare al dumneavoastra si al celorlalti parinti.<\/strong><\/span><\/h2><p><strong>Dosarul de inscriere in clasa pregatitoare 2021 contine urmatoarele documente:<\/strong><\/p><ul><li style=\"list-style-type: none;\"><ul><li><a href=\"http:\/\/www.isjbrasov.ro\/images\/Inscriere_inv_primar\/2021\/CERERE-TIP_CLSPRG_2021_ETAPA_I.pdf\">Cererea de inscriere in clasa pregatitoare 2021;<\/a><\/li><\/ul><\/li><\/ul><ul><li style=\"list-style-type: none;\"><ul><li>Recomandarea de la gradinita\/rezultatul evaluarii copilului de la CJRAE\/CMBRAE;<\/li><\/ul><\/li><\/ul><ul><li style=\"list-style-type: none;\"><ul><li>Copie a actului de identitate al parintilor\/parintelui;<\/li><\/ul><\/li><\/ul><ul><li style=\"list-style-type: none;\"><ul><li>Copie a certificatului de nastere al copilului (acestea vor fi certificate \u201econform cu originalul\u201d de catre secretariatul unitatii de invatamant, pe baza documentelor originale);<\/li><\/ul><\/li><\/ul><ul><li style=\"list-style-type: none;\"><ul><li>Alte documente in functie de starea civila a parintilor;<\/li><\/ul><\/li><\/ul><ul><li style=\"list-style-type: none;\"><ul><li>Declaratia pe propria raspundere pentru inscrierea la clasa pregatitoare 2021;<\/li><\/ul><\/li><\/ul><ul><li style=\"list-style-type: none;\"><ul><li>Avizul medicului de familie\/medicului scolar ca elevul este \u201eapt de scoala\u201d;<\/li><\/ul><\/li><\/ul><ul><li style=\"list-style-type: none;\"><ul><li>Vaccinarile de la medicul de familie\/copie carnet de vaccinare.<\/li><\/ul><\/li><\/ul><h3><span style=\"font-size: 24pt;\">Procedura asigurarea conditiilor de egalizare a sanselor<\/span><\/h3><ul><li style=\"list-style-type: none;\"><ul><li><a href=\"https:\/\/drive.google.com\/file\/d\/16SZz8hAMGyeWobwjqrnpPzhaY10AVoO3\/view?usp=sharing\"><strong>Procedura<\/strong><\/a><\/li><\/ul><\/li><\/ul><h3><span style=\"font-size: 24pt;\">Ordinul nr. 3300\/2021 privind aprobarea Normelor metodologice de aplicare a Programului national pilot de tip \"Scoala dupa scoala\", pentru elevii pana la clasa a VIII-a inclusiv<\/span><\/h3><ul><li style=\"list-style-type: none;\"><ul><li><a href=\"https:\/\/drive.google.com\/file\/d\/1zQPJEcJIA_pmRPMH8Xogf0P9ySDek4gx\/view?usp=sharing\"><strong>OMEC 3300 \/ 19.02.2021<\/strong><\/a><\/li><\/ul><\/li><\/ul><h3><span style=\"font-size: 24pt;\">Platforma nationala de informare cu privire la vaccinarea impotriva COVID-19<\/span><\/h3><ul><li style=\"list-style-type: none;\"><ul><li><a href=\"https:\/\/vaccinare-covid.gov.ro\/\"><strong>Platforma nationala de informare cu privire la vaccinarea impotriva COVID-19<\/strong><\/a><\/li><\/ul><\/li><\/ul><h3><span style=\"font-size: 24pt;\">ANUNT CONCURS OCUPARE POSTURI<\/span><\/h3><ul><li style=\"list-style-type: none;\"><ul><li><a href=\"https:\/\/drive.google.com\/file\/d\/17UoG03pR201XRNe1ve4qJmjVpDiPfB-V\/view?usp=sharing\"><strong>Anunt concurs ocupare posturi didactice<\/strong><\/a><\/li><\/ul><\/li><\/ul><ul><li style=\"list-style-type: none;\"><ul><li><a href=\"https:\/\/drive.google.com\/file\/d\/12T-2UEJphzgcFy6rHTlBojNmtVn889hq\/view?usp=sharing\"><strong>Bibliografie concurs ocupare posturi didactice<\/strong><\/a><\/li><\/ul><\/li><\/ul><h3><span style=\"font-size: 24pt;\">Anunt concurs pentru ocuparea posturilor didactice la nivelul unitatii de invatamant octombrie - noiembrie 2020<\/span><\/h3><h4><a href=\"https:\/\/drive.google.com\/file\/d\/11I4jWaAiME7kK3KlIgFbaduO0j6GLZv4\/view?usp=sharing\">Anuntul (noiembrie) poate fi accesat aici<\/a><\/h4><h4><a href=\"https:\/\/drive.google.com\/file\/d\/1YpmrVtuvKgXWdqxxyrkJIjj9pCVn8cKE\/view?usp=sharing\">Lista concurentilor si informatiile referitoare la ziua concursului (noiembrie) pot fi accesate aici<\/a><\/h4><h4><a href=\"https:\/\/drive.google.com\/file\/d\/1ip94UMa-47exbGijZe7EmgQ72GGeYUbg\/view?usp=sharing\">Rezultatele finale ale concursului II pentru ocuparea posturilor didactice la nivelul unitatii de invatamant octombrie 2020 pot fi accesate aici<\/a><\/h4><h4><a href=\"https:\/\/drive.google.com\/file\/d\/1fqRbiT5AMzVtVji1BUvKNQVLZi2aYgUi\/view?usp=sharing\">Anuntul (octombrie) poate fi accesat aici<\/a><\/h4><h4><a href=\"https:\/\/drive.google.com\/drive\/folders\/1AG4HMgQIPRbR48kuMxz_Cio9AiqAq03M?usp=sharing\">Bibliografia poate fi accesata aici<\/a><\/h4><h4><a href=\"https:\/\/drive.google.com\/file\/d\/1C9lG8hwyZ1huDkZzhbiRtX1NhgO4GH31\/view?usp=sharing\">Rezultatele concursului din data de 14.10.2020 pot fi accesate aici<\/a><\/h4><h4><a href=\"https:\/\/drive.google.com\/file\/d\/1rHn4KCCp54nJBZcnf_7c-C3brrgq12g2\/view?usp=sharing\">Rezultatele concursului din data de 15.10.2020 pot fi accesate aici<\/a><\/h4><h4><a href=\"https:\/\/drive.google.com\/file\/d\/1vURoEtsJkyR0rX5R43NpLB9qttiw__tA\/view?usp=sharing\">Anuntul contestatiilor poate fi accesat aici<\/a><\/h4><h4><a href=\"https:\/\/drive.google.com\/file\/d\/168FjhBOWP_9NSN4SKgUExOCwSyhJCwXu\/view?usp=sharing\">Rezultatele finale ale concursului I pentru ocuparea posturilor didactice la nivelul unitatii de invatamant octombrie 2020 pot fi accesate aici<\/a><\/h4><h3><span style=\"font-size: 24pt;\">Comunicatul conducerii Liceului Teoretic Mihail Saulescu<\/span><\/h3><h4><a href=\"https:\/\/drive.google.com\/file\/d\/1tJSZfAKSz38qqh52nedaTV1WS4lGXrDt\/view?usp=sharing\">Comunicatul se poate accesa aici<\/a><\/h4><h3><span style=\"font-size: 24pt;\">Inscrierea elevilor admisi in clasa a IX-a la Liceul Teoretic Mihail Saulescu se va desfasura conform urmatorului program:<\/span><\/h3><p>13.07.2020 -17.07.2020 - in intervalul orar 9:30-12:30;<\/p><p>20.07.2020 - in intervalul orar 9:30-12:30.<\/p><p>Dosarul va contine urmatoarele documente:<\/p><ul><li style=\"list-style-type: none;\"><ul><li>cererea de inscriere(care va fi primita si completata la sediu);<\/li><\/ul><\/li><\/ul><ul><li style=\"list-style-type: none;\"><ul><li>copie certificat de nastere;<\/li><\/ul><\/li><\/ul><ul><li style=\"list-style-type: none;\"><ul><li>copie carte de identitate(acolo unde este cazul);<\/li><\/ul><\/li><\/ul><ul><li style=\"list-style-type: none;\"><ul><li>adeverinta cu notele si media de la Evaluarea Nationala, media claselor V-VIII si media de admitere;<\/li><\/ul><\/li><\/ul><ul><li style=\"list-style-type: none;\"><ul><li>foaia matricola;<\/li><\/ul><\/li><\/ul><ul><li style=\"list-style-type: none;\"><ul><li>fisa medicala.<\/li><\/ul><\/li><\/ul><p>La inscriere elevul se va prezenta insotit de un parinte\/tutore legal si va avea asupra sa o copie a codului de identificare primit la Evaluare Nationala sau o adeverinta cu acesta eliberata de scoala de provenienta.<\/p><h3><span style=\"font-size: 24pt;\"><a href=\"http:\/\/isjbrasov.ro\/images\/Diverse\/2020\/OUG70-pentru-reglementarea-unor-masuri-15-mai-2020.pdf\"><strong>OUG 70 - Unele masuri dupa 15 mai 2020 - COVID-19<\/strong><\/a><\/span><\/h3><h3><span style=\"font-size: 24pt;\">Inscrierea\/reinscrierea in invatamantul prescolar pentru anul scolar 2020-2021&nbsp;<\/span><\/h3><ul><li style=\"list-style-type: none;\"><ul><li><a href=\"https:\/\/www.edu.ro\/au-fost-aprobate-procedura-%C8%99i-calendarul-privind-%C3%AEnscriereare%C3%AEnscrierea-%C3%AEn-%C3%AEnv%C4%83%C8%9B%C4%83m%C3%A2ntul-pre%C8%99colar\"><strong>Informatiile referitoare la inscrierea\/reinscrierea in invatamantul prescolar se gasesc aici<\/strong><\/a><\/li><\/ul><\/li><\/ul><ul><li style=\"list-style-type: none;\"><ul><li><a href=\"https:\/\/www.isjsb.ro\/d2020\/Cerere_inscriere_prescolar_2020.pdf\"><strong>Cerere tip inscriere invatamant prescolar<\/strong><\/a><\/li><\/ul><\/li><\/ul><p>Documentele si informatiile necesare inscrierii pot fi transmise prin Whatsapp la numarul:&nbsp;<strong>0720\/000.935<\/strong>&nbsp;in perioada 08.06 - 03.07.2020, in intervalul orar 10:00-13:00<\/p><h3><span style=\"font-size: 24pt;\">Inscrierea in invatamantul primar pentru anul scolar 2020-2021<\/span><\/h3><ul><li style=\"list-style-type: none;\"><ul><li><a href=\"https:\/\/www.edu.ro\/ordinul-de-ministru-privind-%C3%AEnscrierea-%C3%AEn-%C3%AEnv%C4%83%C8%9B%C4%83m%C3%A2ntul-primar-fost-publicat-%C3%AEn-monitorul-oficial\"><strong>Informatiile referitoare la inscrierea in invatamantul primar se gasesc aici<\/strong><\/a><\/li><\/ul><\/li><\/ul><ul><li style=\"list-style-type: none;\"><ul><li><a href=\"http:\/\/isjbrasov.ro\/images\/Inscriere_inv_primar\/2020\/Metodologie_inscriere_primar_2020-2021.pdf\"><strong>Metodologie inscriere invatamant primar<\/strong><\/a><\/li><\/ul><\/li><\/ul><ul><li style=\"list-style-type: none;\"><ul><li><a href=\"https:\/\/inscriere.edu.ro\/cerere\/registration.html\"><strong>Inscriere invatamant primar online<\/strong><\/a><\/li><\/ul><\/li><\/ul><ul><li style=\"list-style-type: none;\"><ul><li><a href=\"http:\/\/isjbrasov.ro\/images\/Inscriere_inv_primar\/2020\/CERERE_TIP_CLSPRG_2020_ETAPA_I.pdf\"><strong>Cerere tip inscriere invatamant primar<\/strong><\/a><\/li><\/ul><\/li><\/ul><p>Documentele si informatiile necesare inscrierii pot fi transmise prin Whatsapp la numarul:&nbsp;<strong>0771\/401.964<\/strong>&nbsp;pana in 06.07.2020, in intervalul orar 10:00-13:00<\/p><p>Validarea cererilor de inscriere se va face in data de 07.07.2020. Procedura de validare a cererilor va fi comunicata ulterior.<\/p><h3><span style=\"font-size: 24pt;\">Program 12-20 martie 2020<\/span><\/h3><p>In perioada 12 \u2013 20 martie 2020 institutia este inchisa pentru public.<\/p><p>Documentele pot fi transmise prin fax la numarul: 0268\/456198 sau prin e-mail la adresa: ltmspredeal@gmail.com.<\/p><p>Va multumim!<\/p><h3><span style=\"font-size: 24pt;\">HOTARAREA CONSILIULUI DE ADMINISTRATIE NR. 1 \/ 09.03.2020<\/span><\/h3><ul><li style=\"list-style-type: none;\"><ul><li><a href=\"https:\/\/drive.google.com\/open?id=1t-omUXQ3fiYGhxkTh2JQ_JVwW5F3PL7p\"><strong>Hotarare CA<\/strong><\/a><\/li><\/ul><\/li><\/ul><h3><span style=\"font-size: 24pt;\">INSCRIERE CLASA PREGATITOARE AN SCOLAR 2020 - 2021<\/span><\/h3><ul><li style=\"list-style-type: none;\"><ul><li><a href=\"http:\/\/www.isjbrasov.ro\/images\/Inscriere_inv_primar\/2020\/Metodologie_inscriere_primar_2020-2021.pdf\"><strong>Metodologie<\/strong><\/a><\/li><\/ul><\/li><\/ul><ul><li style=\"list-style-type: none;\"><ul><li><a href=\"http:\/\/www.isjbrasov.ro\/images\/Inscriere_inv_primar\/2020\/Calendar_inscriere_primar_2020-2021.pdf\"><strong>Calendar inscriere<\/strong><\/a><\/li><\/ul><\/li><\/ul><ul><li style=\"list-style-type: none;\"><ul><li><a href=\"http:\/\/www.isjbrasov.ro\/images\/Inscriere_inv_primar\/2020\/Plan_scolarizare_clasa_pregatitoare_2020-2021.pdf\"><strong>Plan scolarizare pentru inscriere in clasa pregatitoare<\/strong><\/a><\/li><\/ul><\/li><\/ul><ul><li style=\"list-style-type: none;\"><ul><li><a href=\"http:\/\/www.isjbrasov.ro\/images\/Inscriere_inv_primar\/2020\/Centre_evaluare_psihosomatica_BV_2020.pdf\"><strong>Centre evaluare psihosomatica 2019-2020<\/strong><\/a><\/li><\/ul><\/li><\/ul><ul><li style=\"list-style-type: none;\"><ul><li><a href=\"..\/noutati.html\"><strong>Lista copiilor admisi in etapa I (Termen 01.04.2020)<\/strong><\/a><\/li><\/ul><\/li><\/ul><h3><span style=\"font-size: 24pt;\">ANUNT CONCURS OCUPARE POSTURI<\/span><\/h3><ul><li style=\"list-style-type: none;\"><ul><li><a href=\"https:\/\/drive.google.com\/open?id=1tAF4mpPr5bq1jgb20G0HKVsZc9iWzM5N\"><strong>Anunt concurs ocupare posturi didactice<\/strong><\/a><\/li><\/ul><\/li><\/ul><h3><span style=\"font-size: 24pt;\">INSCRIERE CLASA PREGATITOARE AN SCOLAR 2019 - 2020<\/span><\/h3><ul><li style=\"list-style-type: none;\"><ul><li><a href=\"http:\/\/www.isjbrasov.ro\/images\/Inscriere_inv_primar\/2019\/Metodologia_inscrierii_in_invatamantul_primar_2019_2020.pdf\"><strong>Metodologie<\/strong><\/a><\/li><\/ul><\/li><\/ul><ul><li style=\"list-style-type: none;\"><ul><li><a href=\"http:\/\/www.isjbrasov.ro\/images\/Inscriere_inv_primar\/2019\/Calendarul_inscrierii_in_invatamantul_primar_2019_2020.pdf\"><strong>Calendar<\/strong><\/a><\/li><\/ul><\/li><\/ul><ul><li style=\"list-style-type: none;\"><ul><li><a href=\"http:\/\/www.isjbrasov.ro\/images\/Inscriere_inv_primar\/2019\/Plan_scolarizare_clasa_pregatitoare_2019-2020.pdf\"><strong>Plan scolarizare pentru inscriere in clasa pregatitoare<\/strong><\/a><\/li><\/ul><\/li><\/ul><ul><li style=\"list-style-type: none;\"><ul><li><a href=\"http:\/\/www.isjbrasov.ro\/images\/Inscriere_inv_primar\/2019\/Centre_evaluare_psihosomatica.pdf\"><strong>Centre evaluare psihosomatica 2018-2019<\/strong><\/a><\/li><\/ul><\/li><\/ul><ul><li style=\"list-style-type: none;\"><ul><li><a href=\"https:\/\/drive.google.com\/open?id=1Cn0aZa6Hflo2pksgAj2sjN4w8zzAkPl3\"><strong>Lista copiilor admisi in etapa I<\/strong><\/a><\/li><\/ul><\/li><\/ul><h3><span style=\"font-size: 24pt;\">INSCRIERE CLASA PREGATITOARE AN SCOLAR 2017 - 2018<\/span><\/h3><ul><li style=\"list-style-type: none;\"><ul><li><a href=\"http:\/\/www.isjbrasov.ro\/images\/Inscriere_inv_primar\/2017\/OMEN_3247_inscriere_inv._primar.pdf\"><strong>Metodologie si calendar<\/strong><\/a><\/li><\/ul><\/li><\/ul><ul><li style=\"list-style-type: none;\"><ul><li><a href=\"http:\/\/www.isjbrasov.ro\/images\/Inscriere_inv_primar\/2017\/Plan_scolarizare_clasa_pregatitoare_2017-2018.pdf\"><strong>Plan scolarizare pentru inscriere in clasa pregatitoare<\/strong><\/a><\/li><\/ul><\/li><\/ul><ul><li style=\"list-style-type: none;\"><ul><li><a href=\"http:\/\/www.isjbrasov.ro\/images\/Inscriere_inv_primar\/2017\/Centre_evaluare_Psihosomatica_2017-2018_v2.pdf\"><strong>Centre evaluare psihosomatica 2017-2018<\/strong><\/a><\/li><\/ul><\/li><\/ul><ul><li style=\"list-style-type: none;\"><ul><li><a href=\"http:\/\/www.isjbrasov.ro\/images\/Inscriere_inv_primar\/2017\/Ziua_portilor_deschise_2017.pdf\"><strong>Ziua portilor deschise 2017<\/strong><\/a><\/li><\/ul><\/li><\/ul><ul><li style=\"list-style-type: none;\"><ul><li><a href=\"http:\/\/www.isjbrasov.ro\/images\/Inscriere_inv_primar\/Procedura_specifica-_CP-2017.pdf\"><strong>Procedura specifica de repartizare a copiilor pe locurile disponibile - clasa pregatitoare<\/strong><\/a><\/li><\/ul><\/li><\/ul><h3><span style=\"font-size: 24pt;\">ANUNT<\/span><\/h3><h4>Femeie de serviciu \u2013 ingrijitoare Liceul Teoretic \u201c Mihail Saulescu\u201d Predeal<\/h4><p>Liceul Teoretic \u201c Mihail Saulescu\u201d Predeal, jud.Brasov, organizeaza concurs de recrutare pentru ocuparea pe perioada nedeterminata a functiei contractuale de executie, vacante, de femeie de serviciu \u2013 ingrijitoare.<\/p><p>Pentru a ocupa un post contractual vacant sau temporar vacant candidatii trebuie sa indeplineasca urmatoarele conditii generale, conform art. 3 al Regulamentului-cadru aprobat prin Hotararea Guvernului nr. 286 din 23 martie 2011, cu modificarile ti completarile ulterioare:<\/p><ul><li style=\"list-style-type: none;\"><ul><li>a) are cetatenia romana si domiciliul in Romania;<\/li><\/ul><\/li><\/ul><ul><li style=\"list-style-type: none;\"><ul><li>b) cunoaste limba romana, scris si vorbit;<\/li><\/ul><\/li><\/ul><ul><li style=\"list-style-type: none;\"><ul><li>c) are varsta minima reglementata de prevederile legale;<\/li><\/ul><\/li><\/ul><ul><li style=\"list-style-type: none;\"><ul><li>d) are capacitate deplina de exercitiu;<\/li><\/ul><\/li><\/ul><ul><li style=\"list-style-type: none;\"><ul><li>e) are o stare de sanatate corespunzatoare postului pentru care candideaza, atestatape baza adeverintei medicale eliberate de medicul de familie sau de unitatile sanitare abilitate;<\/li><\/ul><\/li><\/ul><ul><li style=\"list-style-type: none;\"><ul><li>f) indeplineste conditiile de studii si, dupa caz, de vechime sau alte conditii specifice potrivit cerintelor postului scos la concurs;<\/li><\/ul><\/li><\/ul><ul><li style=\"list-style-type: none;\"><ul><li>g) nu a fost condamnata definitiv pentru savarsirea unei infractiuni contra umanitatii, contra statului ori contra autoritatii, de serviciu sau in legatura cu serviciul, care impiedica infaptuirea justitiei, de fals ori a unor fapte de coruptie sau a unei infractiuni savarsite cu intentie, care ar face-o incompatibila cu exercitarea functiei, cu exceptia situatiei in care a intervenit reabilitarea.<\/li><\/ul><\/li><\/ul><p>Conditiile specifice necesare in vederea participarii la concurs si a ocuparii functiei contractuale sunt:<\/p><ul><li style=\"list-style-type: none;\"><ul><li>nivelul studiilor: generale\/medii;<\/li><\/ul><\/li><\/ul><ul><li style=\"list-style-type: none;\"><ul><li>vechime in specialitatea studiilor necesare ocuparii postului.<\/li><\/ul><\/li><\/ul><p>Concursul se va organiza conform calendarului urmator:<\/p><ul><li style=\"list-style-type: none;\"><ul><li><strong>16 decembrie 2016, ora 10:00: proba scrisa si ora 12.00: proba practica.<\/strong><\/li><\/ul><\/li><\/ul><p>Dosarele de inscriere se depun la sediul institutiei, zilnic intre orele 12,00-14,00, in termen de 10 zile lucratoare de la publicarea anuntului. Conform art. 6 al Regulamentului-cadru privind stabilirea principiilor generale de ocupare a unui post vacant sau temporar vacant corespunzator functiilor contractuale si a criteriilor de promovare in grade sau trepte profesionale imediat superioare a personalului contractual din sectorul bugetar platit din fonduri publice, pentru inscrierea la concurs candidatii vor prezenta un dosar de concurs care va contine urmatoarele documente:<\/p><ul><li style=\"list-style-type: none;\"><ul><li>1. cererea de inscriere la concurs adresata conducatorului institutiei publice organizatoare;<\/li><\/ul><\/li><\/ul><ul><li style=\"list-style-type: none;\"><ul><li>2. copia actului de identitate sau orice alt document care atesta identitatea, potrivit legii, dupa caz;<\/li><\/ul><\/li><\/ul><ul><li style=\"list-style-type: none;\"><ul><li>3. copiile documentelor care sa ateste nivelul studiilor si ale altor acte care atesta efectuarea unor specializari, precum si copiile documentelor care atesta indeplinirea conditiilor specifice ale postului solicitate de autoritatea sau institutia publica;<\/li><\/ul><\/li><\/ul><ul><li style=\"list-style-type: none;\"><ul><li>4. carnetul de munca sau, dupa caz, adeverintele care atesta vechimea in munca, in meserie si\/sau in specialitatea studiilor, in copie;<\/li><\/ul><\/li><\/ul><ul><li style=\"list-style-type: none;\"><ul><li>5. cazierul judiciar;<\/li><\/ul><\/li><\/ul><ul><li style=\"list-style-type: none;\"><ul><li>6. adeverinta medicala care sa ateste starea de sanatate corespunzatoare eliberata cu cel mult 6 luni anterior derularii concursului de catre medicul de familie al candidatului sau de catre unitatile sanitare abilitate;<\/li><\/ul><\/li><\/ul><ul><li style=\"list-style-type: none;\"><ul><li>7. curriculum vitae.<\/li><\/ul><\/li><\/ul><p>Adeverinta care atesta starea de sanatate contine, in clar, numarul, data, numele emitentului si calitatea acestuia, in formatul standard stabilit de Ministerul Sanatatii.<\/p><p>Copia actului de identitate, copiile documentelor de studii si carnetul de munca sau, dupa caz, adeverintele care atesta vechimea vor fi prezentate si in original in vederea verificarii conformitatii copiilor cu acestea.<\/p><p>Relatii suplimentare se pot obtine la sediul liceului<\/p><h4>BIBLIOGRAFIE CONCURS INGRIJITOR CURATENIE<\/h4><ul><li style=\"list-style-type: none;\"><ul><li>1.LEGEA NR. 319 \/ 2006 \u2013 A SECURITATII SI SANATATII IN MUNCA, ACTUALIZATA CU MODIFICARILE SI COMPLETARILE ULTERIOARE,\u2013 Cap.IV \u2013 Obligatiile lucratorilor;<\/li><\/ul><\/li><\/ul><ul><li style=\"list-style-type: none;\"><ul><li>2.LEGEA NR. 477 \/ 2004 \u2013 PRIVIND CODUL DE CONDUITA A PERSONALULUI CONTRACTUAL DIN AUTORITATILE SI INSTITUTIILE PUBLICE:\u2013 Cap.II \u2013 Norme generale de conduita profesionala a personalului contractual, art.7,<\/li><\/ul><\/li><\/ul><ul><li style=\"list-style-type: none;\"><ul><li>3.LEGEA 53 \/ 2003 ACTUALIZATA \u2013 CODUL MUNCII ,,RASPUNDEREA DISCIPLINARA\u201d(ART.247 \u2013 ART.252)<\/li><\/ul><\/li><\/ul><ul><li style=\"list-style-type: none;\"><ul><li>4. CURATAREA SI DEZINFECTIA<\/li><\/ul><\/li><\/ul><ul><li style=\"list-style-type: none;\"><ul><li>5. INSTRUCTIUNI PROPRII DE SECURITATE SI SANATATE IN MUNCA PENTRU INGRIJITOARE CURATENIE.<\/li><\/ul><\/li><\/ul><p>Presedinte comisie<\/p><p>HODOLEANU DANIELA<\/p><h3><span style=\"font-size: 24pt;\"><a title=\"Structura anului scolar 2016-2017\" href=\"http:\/\/beta.edu.ro\/ordinul-ministrului-educa%C5%A3iei-na%C5%A3ionale-%C5%9Fi-cercet%C4%83rii-%C5%9Ftiin%C5%A3ifice-nr-457720072016-privind-structura\"><strong>Structura anului scolar 2016-2017<\/strong><\/a><\/span><\/h3><h3><span style=\"font-size: 24pt;\">Cupa ESPRO<\/span><\/h3><h4>Evenimentul a fost mutat si va avea loc la Sala de Sport \"Predeleanu Hajnalka\" de la Liceul Teoretic Mihail Saulescu.<\/h4><h2><a href=\"..\/imagini\/voley.jpg\"><img decoding=\"async\" src=\"..\/noutati.html\"><\/a><\/h2><h3><span style=\"font-size: 24pt;\">Admitere 2016<\/span><\/h3><ul><li style=\"list-style-type: none;\"><ul><li><a title=\"Scoala profesionala 1\" href=\"..\/pdf\/admitere\/profesionala1.jpg\"><strong>Scoala profesionala pag. 1<\/strong><\/a><\/li><\/ul><\/li><\/ul><ul><li style=\"list-style-type: none;\"><ul><li><a title=\"Scoala profesionala 2\" href=\"..\/pdf\/admitere\/profesionala2.jpg\"><strong>Scoala profesionala pag. 2<\/strong><\/a><\/li><\/ul><\/li><\/ul><ul><li style=\"list-style-type: none;\"><ul><li><a title=\"Oferta educationala 1\" href=\"..\/pdf\/admitere\/oferta1.jpg\"><strong>Oferta educationala pag. 1<\/strong><\/a><\/li><\/ul><\/li><\/ul><ul><li style=\"list-style-type: none;\"><ul><li><a title=\"Oferta educationala 2\" href=\"..\/pdf\/admitere\/oferta2.jpg\"><strong>Oferta educationala pag. 2<\/strong><\/a><\/li><\/ul><\/li><\/ul><ul><li style=\"list-style-type: none;\"><ul><li><a title=\"Pliant 1\" href=\"..\/pdf\/admitere\/pliant1.jpg\"><strong>Pliant pag. 1<\/strong><\/a><\/li><\/ul><\/li><\/ul><ul><li style=\"list-style-type: none;\"><ul><li><a title=\"Pliant 2\" href=\"..\/pdf\/admitere\/pliant2.jpg\"><strong>Pliant pag. 2<\/strong><\/a><\/li><\/ul><\/li><\/ul><ul><li style=\"list-style-type: none;\"><ul><li><a title=\"Spot publicitar\" href=\"..\/pdf\/admitere\/spot.mp3\"><strong>Spot publicitar<\/strong><\/a><\/li><\/ul><\/li><\/ul><h3><span style=\"font-size: 24pt;\">Inscrierea in invatamantul primar<\/span><\/h3><p>Ziua portilor deschise pentru invatamantul primar va fi in 02.03.2016 intre orele 10:00 - 12:00<\/p><ul><li style=\"list-style-type: none;\"><ul><li><a title=\"Inscriere inv. primar\" href=\"https:\/\/inscriere.edu.ro\/cerere\/\"><strong>Inscriere invatamant primar 2015-2016 online<\/strong><\/a><\/li><\/ul><\/li><\/ul><h3><span style=\"font-size: 24pt;\">ZIUA LICEULUI TEORETIC \"MIHAIL SAULESCU\"<\/span><\/h3><h2><a href=\"..\/imagini\/album\/mari\/zi.jpg\"><img decoding=\"async\" src=\"..\/imagini\/album\/mari\/zi.jpg\"><\/a><\/h2><h3><span style=\"font-size: 24pt;\">CROSUL&nbsp;<em>Predeleanu Hajnalka<\/em><\/span><\/h3><h2><a href=\"..\/imagini\/album\/mari\/cros15.jpg\"><img decoding=\"async\" src=\"..\/imagini\/album\/mari\/cros15.jpg\"><\/a><\/h2><h3><span style=\"font-size: 24pt;\">Structura anului scolar 2015-2016<\/span><\/h3><ul><li style=\"list-style-type: none;\"><ul><li><a title=\"Structura an scolar\" href=\"http:\/\/www.edu.ro\/index.php\/articles\/23385\"><strong>Structura anului scolar 2015-2016<\/strong><\/a><\/li><\/ul><\/li><\/ul><h3><span style=\"font-size: 24pt;\">Admitere liceu 2015<\/span><\/h3><ul><li style=\"list-style-type: none;\"><ul><li><a title=\"Admitere liceu\" href=\"..\/admitere.html\"><strong>Admitere liceu 2015<\/strong><\/a><\/li><\/ul><\/li><\/ul><h3><span style=\"font-size: 24pt;\">Inscrierea in invatamantul primar<\/span><\/h3><h2><span style=\"font-size: 24pt;\"><a href=\"..\/pdf\/preg\/Metodologie.pdf\"><strong>Metodologia de inscriere<\/strong>&nbsp;a copiilor in invatamantul primar pentru anul scolar 2015 - 2016<\/a><\/span><br><span style=\"font-size: 24pt;\"><a href=\"..\/pdf\/preg\/Calendar.pdf\"><strong>Calendarul inscrierii in invatamantul primar<\/strong>&nbsp;pentru anul scolar 2015 - 2016<\/a><\/span><br><span style=\"font-size: 24pt;\"><a href=\"..\/pdf\/preg\/AdmitereI.pdf\"><strong>Lista copiilor admisi<\/strong>&nbsp;in&nbsp;<strong>Etapa I<\/strong>&nbsp;pentru anul scolar 2015 - 2016<\/a><\/span><br><span style=\"font-size: 24pt;\"><a href=\"..\/pdf\/preg\/ProceduraII.pdf\"><strong>Procedura specifica<\/strong>&nbsp;de inscriere in invatamantul primar in&nbsp;<strong>Etapa a II-a<\/strong>&nbsp;pentru anul scolar 2015 - 2016<\/a><\/span><br><span style=\"font-size: 24pt;\"><a href=\"..\/pdf\/preg\/LocurilibereII.pdf\"><strong>Raport<\/strong>&nbsp;cu locurile ramase libere dupa&nbsp;<strong>Etapa I<\/strong><\/a><\/span><\/h2><h3><span style=\"font-size: 24pt;\">Performanta in matematica de gimnaziu<\/span><\/h3><p>Este un program de pregatire suplimentara la matematica destinat elevilor de gimnaziu (clasele V-VIII) cu preocupari si rezultate deosebite in matematica scolara<\/p><p>Selectia elevilor invitati sa participe la cursurile gratuite de pregatire din cadrul programului este realizata de Inspectoratul Scolar al judetului Brasov, in raport cu performantele matematice probate de elevi la concursurile scolare<\/p><p>Performanta in matematica de gimnaziu are ca principal obiectiv cresterea competitivitatii elevilor brasoveni la Olimpiada Nationala de Matematica precum si la concursurile interjudetene de matematica.<\/p><p>Programul este organizat de Filiala Brasov a Societatii de Stiinte Matematice din Romania si Facultatea de Matematica si Informatica a Universitatii Transilvania din Brasov, in colaborare cu Inspectoratul Scolar al judetului Brasov.<\/p><p>Temele de matematica sunt prezentate de cadre didactice din municipiul Brasov, profesori de gimnaziu, liceu sau universitate, cu preocupari in pregatirea pentru performanta matematica a elevilor.<\/p><p>Sedintele de pregatire se desfasoara saptamanal, sambata intre orele 9-11, la Facultatea de Matematica si Informatica din Brasov<\/p><p>FELICITARI CELOR 2 ELEVI AI LICEULUI TEORETIC MIHAIL SAULESCU<\/p><h2><span style=\"font-size: 24pt;\"><a href=\"..\/pdf\/admisi.pdf\">Admisi in program<\/a><\/span><\/h2><p><!-- \/wp:paragraph --><\/p><\/div><\/div><div class=\"vce-row-container\" data-vce-boxed-width=\"true\"><div class=\"vce-row vce-row--col-gap-30 vce-row-equal-height vce-row-content--top\" id=\"el-d8e39715\" data-vce-do-apply=\"all el-d8e39715\"><div class=\"vce-row-content\" data-vce-element-content=\"true\"><div class=\"vce-col vce-col--md-auto vce-col--xs-1 vce-col--xs-last vce-col--xs-first vce-col--sm-last vce-col--sm-first vce-col--md-last vce-col--lg-last vce-col--xl-last vce-col--md-first vce-col--lg-first vce-col--xl-first\" id=\"el-fdee0296\"><div class=\"vce-col-inner\" data-vce-do-apply=\"border margin background  el-fdee0296\"><div class=\"vce-col-content\" data-vce-element-content=\"true\" data-vce-do-apply=\"padding el-fdee0296\"><div class=\"vce vce-separator-container vce-separator--align-center vce-separator--style-solid\" id=\"el-52076012\" data-vce-do-apply=\"margin el-52076012\"><div class=\"vce-separator vce-separator--color-bfc0c1 vce-separator--width-60 vce-separator--thickness-1\" data-vce-do-apply=\"border padding background  el-52076012\"><\/div><\/div><\/div><\/div><\/div><\/div><\/div><\/div><\/div><\/div><\/div><\/div><\/div><\/div><div class=\"vce-row-container\" data-vce-boxed-width=\"true\"><div class=\"vce-row vce-row--col-gap-10 vce-row-equal-height vce-row-content--top\" id=\"el-41138d70\" data-vce-do-apply=\"all el-41138d70\"><div class=\"vce-row-content\" data-vce-element-content=\"true\"><div class=\"vce-col vce-col--md-auto vce-col--xs-1 vce-col--xs-last vce-col--xs-first vce-col--sm-last vce-col--sm-first vce-col--md-first vce-col--lg-first vce-col--xl-first\" id=\"el-b0543c28\"><div class=\"vce-col-inner\" data-vce-do-apply=\"border margin background  el-b0543c28\"><div class=\"vce-col-content\" data-vce-element-content=\"true\" data-vce-do-apply=\"padding el-b0543c28\"><div class=\"vce-button--style-outline-container vce-button--style-outline-container--align-center\"><span class=\"vce-button--style-outline-wrapper vce\" id=\"el-9257348d\" data-vce-do-apply=\"margin el-9257348d\"><a class=\"vce-button vce-button--style-outline-animated vce-button--style-outline--border-square vce-button--style-outline--size-medium vce-button--style-outline-animated--color-b-198-198-198--fff--3d3d3d vce-button--style-outline-animated--border-color-e3e3e3--3d3d3d vce-button--style-outline-animated--background-color-3d3d3d\" href=\"https:\/\/liceulpredeal.ro\/new\/noutati\/\" title=\"\" data-vce-do-apply=\"padding border background  el-9257348d\"><span class=\"vce-button--style-outline-text\">NOUTATI<\/span><\/a><\/span><\/div><div class=\"vce-button--style-outline-container vce-button--style-outline-container--align-center\"><span class=\"vce-button--style-outline-wrapper vce\" id=\"el-d733521b\" data-vce-do-apply=\"margin el-d733521b\"><a class=\"vce-button vce-button--style-outline-animated vce-button--style-outline--border-square vce-button--style-outline--size-medium vce-button--style-outline-animated--color-b-198-198-198--fff--3d3d3d vce-button--style-outline-animated--border-color-e3e3e3--3d3d3d vce-button--style-outline-animated--background-color-3d3d3d\" href=\"https:\/\/liceulpredeal.ro\/new\/evaluarenationala\/\" title=\"\" data-vce-do-apply=\"padding border background  el-d733521b\"><span class=\"vce-button--style-outline-text\">EVALUARE NATIONALA<\/span><\/a><\/span><\/div><\/div><\/div><\/div><div class=\"vce-col vce-col--md-auto vce-col--xs-1 vce-col--xs-last vce-col--xs-first vce-col--sm-last vce-col--sm-first\" id=\"el-3e1d07ce\"><div class=\"vce-col-inner\" data-vce-do-apply=\"border margin background  el-3e1d07ce\"><div class=\"vce-col-content\" data-vce-element-content=\"true\" data-vce-do-apply=\"padding el-3e1d07ce\"><div class=\"vce-button--style-outline-container vce-button--style-outline-container--align-left\"><span class=\"vce-button--style-outline-wrapper vce\" id=\"el-cdb0f58e\" data-vce-do-apply=\"margin el-cdb0f58e\"><a class=\"vce-button vce-button--style-outline-animated vce-button--style-outline--border-square vce-button--style-outline--size-medium vce-button--style-outline-animated--color-b-198-198-198--fff--3d3d3d vce-button--style-outline-animated--border-color-e3e3e3--3d3d3d vce-button--style-outline-animated--background-color-3d3d3d\" href=\"https:\/\/liceulpredeal.ro\/new\/admitereliceu\/\" title=\"\" data-vce-do-apply=\"padding border background  el-cdb0f58e\"><span class=\"vce-button--style-outline-text\">ADMITERE LICEU<\/span><\/a><\/span><\/div><div class=\"vce-button--style-outline-container vce-button--style-outline-container--align-center\"><span class=\"vce-button--style-outline-wrapper vce\" id=\"el-ee3b2ee1\" data-vce-do-apply=\"margin el-ee3b2ee1\"><a class=\"vce-button vce-button--style-outline-animated vce-button--style-outline--border-square vce-button--style-outline--size-medium vce-button--style-outline-animated--color-b-198-198-198--fff--3d3d3d vce-button--style-outline-animated--border-color-e3e3e3--3d3d3d vce-button--style-outline-animated--background-color-3d3d3d\" href=\"https:\/\/liceulpredeal.ro\/new\/mihailsaulescu\/\" title=\"\" data-vce-do-apply=\"padding border background  el-ee3b2ee1\"><span class=\"vce-button--style-outline-text\">MIHAIL SAULESCU<\/span><\/a><\/span><\/div><\/div><\/div><\/div><div class=\"vce-col vce-col--md-auto vce-col--xs-1 vce-col--xs-last vce-col--xs-first vce-col--sm-last vce-col--sm-first\" id=\"el-e30e681a\"><div class=\"vce-col-inner\" data-vce-do-apply=\"border margin background  el-e30e681a\"><div class=\"vce-col-content\" data-vce-element-content=\"true\" data-vce-do-apply=\"padding el-e30e681a\"><div class=\"vce-button--style-outline-container vce-button--style-outline-container--align-center\"><span class=\"vce-button--style-outline-wrapper vce\" id=\"el-3af24bc9\" data-vce-do-apply=\"margin el-3af24bc9\"><a class=\"vce-button vce-button--style-outline-animated vce-button--style-outline--border-square vce-button--style-outline--size-medium vce-button--style-outline-animated--color-b-198-198-198--fff--3d3d3d vce-button--style-outline-animated--border-color-e3e3e3--3d3d3d vce-button--style-outline-animated--background-color-3d3d3d\" href=\"https:\/\/liceulpredeal.ro\/new\/bacalaureat\/\" title=\"\" data-vce-do-apply=\"padding border background  el-3af24bc9\"><span class=\"vce-button--style-outline-text\">BACALAUREAT<\/span><\/a><\/span><\/div><div class=\"vce-button--style-outline-container vce-button--style-outline-container--align-center\"><span class=\"vce-button--style-outline-wrapper vce\" id=\"el-3ba75663\" data-vce-do-apply=\"margin el-3ba75663\"><a class=\"vce-button vce-button--style-outline-animated vce-button--style-outline--border-square vce-button--style-outline--size-medium vce-button--style-outline-animated--color-b-198-198-198--fff--3d3d3d vce-button--style-outline-animated--border-color-e3e3e3--3d3d3d vce-button--style-outline-animated--background-color-3d3d3d\" href=\"https:\/\/liceulpredeal.ro\/new\/orar\/\" title=\"\" data-vce-do-apply=\"padding border background  el-3ba75663\"><span class=\"vce-button--style-outline-text\">ORAR<\/span><\/a><\/span><\/div><div class=\"vce-button--style-outline-container vce-button--style-outline-container--align-center\"><span class=\"vce-button--style-outline-wrapper vce\" id=\"el-c212c819\" data-vce-do-apply=\"margin el-c212c819\"><a class=\"vce-button vce-button--style-outline-animated vce-button--style-outline--border-square vce-button--style-outline--size-medium vce-button--style-outline-animated--color-b-198-198-198--fff--3d3d3d vce-button--style-outline-animated--border-color-e3e3e3--3d3d3d vce-button--style-outline-animated--background-color-3d3d3d\" href=\"https:\/\/liceulpredeal.ro\/new\/galeriefoto\/\" title=\"\" data-vce-do-apply=\"padding border background  el-c212c819\"><span class=\"vce-button--style-outline-text\">GALERIE FOTO<\/span><\/a><\/span><\/div><\/div><\/div><\/div><div class=\"vce-col vce-col--md-auto vce-col--xs-1 vce-col--xs-last vce-col--xs-first vce-col--sm-last vce-col--sm-first\" id=\"el-0436734e\"><div class=\"vce-col-inner\" data-vce-do-apply=\"border margin background  el-0436734e\"><div class=\"vce-col-content\" data-vce-element-content=\"true\" data-vce-do-apply=\"padding el-0436734e\"><div class=\"vce-button--style-outline-container vce-button--style-outline-container--align-center\"><span class=\"vce-button--style-outline-wrapper vce\" id=\"el-41b15367\" data-vce-do-apply=\"margin el-41b15367\"><a class=\"vce-button vce-button--style-outline-animated vce-button--style-outline--border-square vce-button--style-outline--size-medium vce-button--style-outline-animated--color-b-198-198-198--fff--3d3d3d vce-button--style-outline-animated--border-color-e3e3e3--3d3d3d vce-button--style-outline-animated--background-color-3d3d3d\" href=\"https:\/\/liceulpredeal.ro\/new\/activitati\/\" title=\"\" data-vce-do-apply=\"padding border background  el-41b15367\"><span class=\"vce-button--style-outline-text\">ACTIVITATI<\/span><\/a><\/span><\/div><div class=\"vce-button--style-outline-container vce-button--style-outline-container--align-center\"><span class=\"vce-button--style-outline-wrapper vce\" id=\"el-1c5f2892\" data-vce-do-apply=\"margin el-1c5f2892\"><a class=\"vce-button vce-button--style-outline-animated vce-button--style-outline--border-square vce-button--style-outline--size-medium vce-button--style-outline-animated--color-b-198-198-198--fff--3d3d3d vce-button--style-outline-animated--border-color-e3e3e3--3d3d3d vce-button--style-outline-animated--background-color-3d3d3d\" href=\"https:\/\/liceulpredeal.ro\/new\/personaldidactic\/\" title=\"\" data-vce-do-apply=\"padding border background  el-1c5f2892\"><span class=\"vce-button--style-outline-text\">PERSONAL DIDACTIC<\/span><\/a><\/span><\/div><\/div><\/div><\/div><div class=\"vce-col vce-col--md-auto vce-col--xs-1 vce-col--xs-last vce-col--xs-first vce-col--sm-last vce-col--sm-first vce-col--md-last vce-col--lg-last vce-col--xl-last\" id=\"el-06fda0e7\"><div class=\"vce-col-inner\" data-vce-do-apply=\"border margin background  el-06fda0e7\"><div class=\"vce-col-content\" data-vce-element-content=\"true\" data-vce-do-apply=\"padding el-06fda0e7\"><div class=\"vce-button--style-outline-container vce-button--style-outline-container--align-center\"><span class=\"vce-button--style-outline-wrapper vce\" id=\"el-926c52d7\" data-vce-do-apply=\"margin el-926c52d7\"><a class=\"vce-button vce-button--style-outline-animated vce-button--style-outline--border-square vce-button--style-outline--size-medium vce-button--style-outline-animated--color-b-198-198-198--fff--3d3d3d vce-button--style-outline-animated--border-color-e3e3e3--3d3d3d vce-button--style-outline-animated--background-color-3d3d3d\" href=\"https:\/\/liceulpredeal.ro\/new\/performante\/\" title=\"\" data-vce-do-apply=\"padding border background  el-926c52d7\"><span class=\"vce-button--style-outline-text\">PERFORMANTE<\/span><\/a><\/span><\/div><div class=\"vce-button--style-outline-container vce-button--style-outline-container--align-center\"><span class=\"vce-button--style-outline-wrapper vce\" id=\"el-a40186e2\" data-vce-do-apply=\"margin el-a40186e2\"><a class=\"vce-button vce-button--style-outline-animated vce-button--style-outline--border-square vce-button--style-outline--size-medium vce-button--style-outline-animated--color-b-198-198-198--fff--3d3d3d vce-button--style-outline-animated--border-color-e3e3e3--3d3d3d vce-button--style-outline-animated--background-color-3d3d3d\" href=\"https:\/\/liceulpredeal.ro\/new\/documentescolare\/\" title=\"\" data-vce-do-apply=\"padding border background  el-a40186e2\"><span class=\"vce-button--style-outline-text\">DOCUMENTE SCOLARE<\/span><\/a><\/span><\/div><\/div><\/div><\/div><\/div><\/div><\/div>\n<div class=\"gsp_post_data\" \r\n\t            data-post_type=\"page\" \r\n\t            data-cat=\"\" \r\n\t            data-modified=\"120\"\r\n\t            data-created=\"1621625820\"\r\n\t            data-title=\"Noutati\" \r\n\t            data-home=\"https:\/\/liceulpredeal.ro\/new\"><\/div>","protected":false},"excerpt":{"rendered":"<p>Liceul Teoretic &#8222;Mihail Saulescu&#8221; Predeal&nbsp;Nout\u0103\u021bi &#8211; Rela\u021bii cu publicul&nbsp;Anunt Scoala altfel si Saptamana verdeStructura anului \u0219colar 2026-2027INSCRIEREA IN INVATAMANTUL PRIMAR (2026-2027)OMEC 3334_2026_ CALENDARUL INSCRIERII COPIILOR IN INVATAMANTUL PRIMARMetodologia de inscriere a copiilor in inv. primarProcedura privind inscrierea la clasa pregatitoareInscrierea \/ amanarea inscrierii in inv. primarCompletare date online:Formularul online permite p\u0103rin\u021bilor s\u0103 completeze online datele &hellip; <\/p>\n<p class=\"link-more\"><a href=\"https:\/\/liceulpredeal.ro\/new\/noutati\/\" class=\"more-link\">Continu\u0103 lectura<span class=\"screen-reader-text\"> \u201eNoutati\u201d<\/span><\/a><\/p>\n","protected":false},"author":1,"featured_media":0,"parent":0,"menu_order":0,"comment_status":"closed","ping_status":"closed","template":"","meta":{"footnotes":""},"class_list":["post-96","page","type-page","status-publish","hentry","entry"],"yoast_head":"<!-- This site is optimized with the Yoast SEO plugin v27.4 - https:\/\/yoast.com\/product\/yoast-seo-wordpress\/ -->\n<title>Noutati - Liceul Teoretic &quot;Mihail Saulescu&quot; Predeal<\/title>\n<meta name=\"description\" content=\"Noutati\" \/>\n<meta name=\"robots\" content=\"index, follow, max-snippet:-1, max-image-preview:large, max-video-preview:-1\" \/>\n<link rel=\"canonical\" href=\"https:\/\/liceulpredeal.ro\/new\/noutati\/\" \/>\n<meta property=\"og:locale\" content=\"ro_RO\" \/>\n<meta property=\"og:type\" content=\"article\" \/>\n<meta property=\"og:title\" content=\"Noutati - Liceul Teoretic &quot;Mihail Saulescu&quot; Predeal\" \/>\n<meta property=\"og:description\" content=\"Noutati\" \/>\n<meta property=\"og:url\" content=\"https:\/\/liceulpredeal.ro\/new\/noutati\/\" \/>\n<meta property=\"og:site_name\" content=\"Liceul Teoretic &quot;Mihail Saulescu&quot; Predeal\" \/>\n<meta property=\"article:publisher\" content=\"https:\/\/www.facebook.com\/liceulteoreticmihailsaulescupredeal\" \/>\n<meta property=\"article:modified_time\" content=\"2026-04-02T11:15:53+00:00\" \/>\n<meta name=\"twitter:card\" content=\"summary_large_image\" \/>\n<meta name=\"twitter:label1\" content=\"Timp estimat pentru citire\" \/>\n\t<meta name=\"twitter:data1\" content=\"15 minute\" \/>\n<script type=\"application\/ld+json\" class=\"yoast-schema-graph\">{\"@context\":\"https:\\\/\\\/schema.org\",\"@graph\":[{\"@type\":\"WebPage\",\"@id\":\"https:\\\/\\\/liceulpredeal.ro\\\/new\\\/noutati\\\/\",\"url\":\"https:\\\/\\\/liceulpredeal.ro\\\/new\\\/noutati\\\/\",\"name\":\"Noutati - Liceul Teoretic &quot;Mihail Saulescu&quot; Predeal\",\"isPartOf\":{\"@id\":\"https:\\\/\\\/liceulpredeal.ro\\\/new\\\/#website\"},\"datePublished\":\"2021-05-21T19:37:00+00:00\",\"dateModified\":\"2026-04-02T11:15:53+00:00\",\"description\":\"Noutati\",\"breadcrumb\":{\"@id\":\"https:\\\/\\\/liceulpredeal.ro\\\/new\\\/noutati\\\/#breadcrumb\"},\"inLanguage\":\"ro-RO\",\"potentialAction\":[{\"@type\":\"ReadAction\",\"target\":[\"https:\\\/\\\/liceulpredeal.ro\\\/new\\\/noutati\\\/\"]}]},{\"@type\":\"BreadcrumbList\",\"@id\":\"https:\\\/\\\/liceulpredeal.ro\\\/new\\\/noutati\\\/#breadcrumb\",\"itemListElement\":[{\"@type\":\"ListItem\",\"position\":1,\"name\":\"Home\",\"item\":\"https:\\\/\\\/liceulpredeal.ro\\\/new\\\/\"},{\"@type\":\"ListItem\",\"position\":2,\"name\":\"Noutati\"}]},{\"@type\":\"WebSite\",\"@id\":\"https:\\\/\\\/liceulpredeal.ro\\\/new\\\/#website\",\"url\":\"https:\\\/\\\/liceulpredeal.ro\\\/new\\\/\",\"name\":\"Liceul Teoretic \\\"Mihail Saulescu\\\" Predeal\",\"description\":\"\",\"potentialAction\":[{\"@type\":\"SearchAction\",\"target\":{\"@type\":\"EntryPoint\",\"urlTemplate\":\"https:\\\/\\\/liceulpredeal.ro\\\/new\\\/?s={search_term_string}\"},\"query-input\":{\"@type\":\"PropertyValueSpecification\",\"valueRequired\":true,\"valueName\":\"search_term_string\"}}],\"inLanguage\":\"ro-RO\"}]}<\/script>\n<!-- \/ Yoast SEO plugin. -->","yoast_head_json":{"title":"Noutati - Liceul Teoretic &quot;Mihail Saulescu&quot; Predeal","description":"Noutati","robots":{"index":"index","follow":"follow","max-snippet":"max-snippet:-1","max-image-preview":"max-image-preview:large","max-video-preview":"max-video-preview:-1"},"canonical":"https:\/\/liceulpredeal.ro\/new\/noutati\/","og_locale":"ro_RO","og_type":"article","og_title":"Noutati - Liceul Teoretic &quot;Mihail Saulescu&quot; Predeal","og_description":"Noutati","og_url":"https:\/\/liceulpredeal.ro\/new\/noutati\/","og_site_name":"Liceul Teoretic &quot;Mihail Saulescu&quot; Predeal","article_publisher":"https:\/\/www.facebook.com\/liceulteoreticmihailsaulescupredeal","article_modified_time":"2026-04-02T11:15:53+00:00","twitter_card":"summary_large_image","twitter_misc":{"Timp estimat pentru citire":"15 minute"},"schema":{"@context":"https:\/\/schema.org","@graph":[{"@type":"WebPage","@id":"https:\/\/liceulpredeal.ro\/new\/noutati\/","url":"https:\/\/liceulpredeal.ro\/new\/noutati\/","name":"Noutati - Liceul Teoretic &quot;Mihail Saulescu&quot; Predeal","isPartOf":{"@id":"https:\/\/liceulpredeal.ro\/new\/#website"},"datePublished":"2021-05-21T19:37:00+00:00","dateModified":"2026-04-02T11:15:53+00:00","description":"Noutati","breadcrumb":{"@id":"https:\/\/liceulpredeal.ro\/new\/noutati\/#breadcrumb"},"inLanguage":"ro-RO","potentialAction":[{"@type":"ReadAction","target":["https:\/\/liceulpredeal.ro\/new\/noutati\/"]}]},{"@type":"BreadcrumbList","@id":"https:\/\/liceulpredeal.ro\/new\/noutati\/#breadcrumb","itemListElement":[{"@type":"ListItem","position":1,"name":"Home","item":"https:\/\/liceulpredeal.ro\/new\/"},{"@type":"ListItem","position":2,"name":"Noutati"}]},{"@type":"WebSite","@id":"https:\/\/liceulpredeal.ro\/new\/#website","url":"https:\/\/liceulpredeal.ro\/new\/","name":"Liceul Teoretic \"Mihail Saulescu\" Predeal","description":"","potentialAction":[{"@type":"SearchAction","target":{"@type":"EntryPoint","urlTemplate":"https:\/\/liceulpredeal.ro\/new\/?s={search_term_string}"},"query-input":{"@type":"PropertyValueSpecification","valueRequired":true,"valueName":"search_term_string"}}],"inLanguage":"ro-RO"}]}},"_links":{"self":[{"href":"https:\/\/liceulpredeal.ro\/new\/wp-json\/wp\/v2\/pages\/96","targetHints":{"allow":["GET"]}}],"collection":[{"href":"https:\/\/liceulpredeal.ro\/new\/wp-json\/wp\/v2\/pages"}],"about":[{"href":"https:\/\/liceulpredeal.ro\/new\/wp-json\/wp\/v2\/types\/page"}],"author":[{"embeddable":true,"href":"https:\/\/liceulpredeal.ro\/new\/wp-json\/wp\/v2\/users\/1"}],"replies":[{"embeddable":true,"href":"https:\/\/liceulpredeal.ro\/new\/wp-json\/wp\/v2\/comments?post=96"}],"version-history":[{"count":135,"href":"https:\/\/liceulpredeal.ro\/new\/wp-json\/wp\/v2\/pages\/96\/revisions"}],"predecessor-version":[{"id":978,"href":"https:\/\/liceulpredeal.ro\/new\/wp-json\/wp\/v2\/pages\/96\/revisions\/978"}],"wp:attachment":[{"href":"https:\/\/liceulpredeal.ro\/new\/wp-json\/wp\/v2\/media?parent=96"}],"curies":[{"name":"wp","href":"https:\/\/api.w.org\/{rel}","templated":true}]}}